{"id":524,"date":"2015-06-19T12:39:04","date_gmt":"2015-06-19T11:39:04","guid":{"rendered":"https:\/\/ecole-privee-getigne.fr\/?page_id=524"},"modified":"2022-11-01T17:57:30","modified_gmt":"2022-11-01T16:57:30","slug":"temps-forts","status":"publish","type":"page","link":"https:\/\/ecole-privee-getigne.fr\/?page_id=524","title":{"rendered":"Temps forts"},"content":{"rendered":"<h1 style=\"text-align: center;\"><span style=\"color: #339966;\">Ann\u00e9e 2022\/2023<\/span><a href=\"https:\/\/ecole-privee-getigne.fr\/wp-content\/uploads\/2022\/11\/bIENVENUE-a-lecole.jpg\"><img loading=\"lazy\" decoding=\"async\" class=\"wp-image-2959 aligncenter\" src=\"https:\/\/ecole-privee-getigne.fr\/wp-content\/uploads\/2022\/11\/bIENVENUE-a-lecole.jpg\" alt=\"\" width=\"491\" height=\"695\" srcset=\"https:\/\/ecole-privee-getigne.fr\/wp-content\/uploads\/2022\/11\/bIENVENUE-a-lecole.jpg 1587w, https:\/\/ecole-privee-getigne.fr\/wp-content\/uploads\/2022\/11\/bIENVENUE-a-lecole-212x300.jpg 212w, https:\/\/ecole-privee-getigne.fr\/wp-content\/uploads\/2022\/11\/bIENVENUE-a-lecole-724x1024.jpg 724w, https:\/\/ecole-privee-getigne.fr\/wp-content\/uploads\/2022\/11\/bIENVENUE-a-lecole-768x1086.jpg 768w, https:\/\/ecole-privee-getigne.fr\/wp-content\/uploads\/2022\/11\/bIENVENUE-a-lecole-1086x1536.jpg 1086w, https:\/\/ecole-privee-getigne.fr\/wp-content\/uploads\/2022\/11\/bIENVENUE-a-lecole-1448x2048.jpg 1448w\" sizes=\"(max-width: 491px) 100vw, 491px\" \/><\/a><\/h1>\n<h2 style=\"text-align: center;\"><strong><span style=\"color: #ff6600;\">Ann\u00e9e 2021-2022<\/span><\/strong><\/h2>\n<p><strong><span style=\"color: #99cc00;\">Projet p\u00e9dagogique de l&rsquo;ann\u00e9e: observer, partager, prot\u00e9ger riment avec biodiversit\u00e9.<\/span> <\/strong><\/p>\n<p><a href=\"https:\/\/ecole-privee-getigne.fr\/wp-content\/uploads\/2021\/10\/affiche-du-projet-2021-2022.png\"><img loading=\"lazy\" decoding=\"async\" class=\"wp-image-2781 aligncenter\" src=\"https:\/\/ecole-privee-getigne.fr\/wp-content\/uploads\/2021\/10\/affiche-du-projet-2021-2022.png\" alt=\"\" width=\"842\" height=\"585\" srcset=\"https:\/\/ecole-privee-getigne.fr\/wp-content\/uploads\/2021\/10\/affiche-du-projet-2021-2022.png 1920w, https:\/\/ecole-privee-getigne.fr\/wp-content\/uploads\/2021\/10\/affiche-du-projet-2021-2022-300x208.png 300w, https:\/\/ecole-privee-getigne.fr\/wp-content\/uploads\/2021\/10\/affiche-du-projet-2021-2022-1024x711.png 1024w, https:\/\/ecole-privee-getigne.fr\/wp-content\/uploads\/2021\/10\/affiche-du-projet-2021-2022-768x534.png 768w, https:\/\/ecole-privee-getigne.fr\/wp-content\/uploads\/2021\/10\/affiche-du-projet-2021-2022-1536x1067.png 1536w\" sizes=\"(max-width: 842px) 100vw, 842px\" \/><\/a><\/p>\n\n\t\t<style type=\"text\/css\">\n\t\t\t#gallery-1 {\n\t\t\t\tmargin: auto;\n\t\t\t}\n\t\t\t#gallery-1 .gallery-item {\n\t\t\t\tfloat: left;\n\t\t\t\tmargin-top: 10px;\n\t\t\t\ttext-align: center;\n\t\t\t\twidth: 33%;\n\t\t\t}\n\t\t\t#gallery-1 img {\n\t\t\t\tborder: 2px solid #cfcfcf;\n\t\t\t}\n\t\t\t#gallery-1 .gallery-caption {\n\t\t\t\tmargin-left: 0;\n\t\t\t}\n\t\t\t\/* see gallery_shortcode() in wp-includes\/media.php *\/\n\t\t<\/style>\n\t\t<div id='gallery-1' class='gallery galleryid-524 gallery-columns-3 gallery-size-medium'><dl class='gallery-item'>\n\t\t\t<dt class='gallery-icon landscape'>\n\t\t\t\t<a href='https:\/\/ecole-privee-getigne.fr\/?attachment_id=2885'><img loading=\"lazy\" decoding=\"async\" width=\"300\" height=\"225\" src=\"https:\/\/ecole-privee-getigne.fr\/wp-content\/uploads\/2022\/06\/3SemisGrainesArbresCM1avec-Commune-Novembre-300x225.jpg\" class=\"attachment-medium size-medium\" alt=\"\" srcset=\"https:\/\/ecole-privee-getigne.fr\/wp-content\/uploads\/2022\/06\/3SemisGrainesArbresCM1avec-Commune-Novembre-300x225.jpg 300w, https:\/\/ecole-privee-getigne.fr\/wp-content\/uploads\/2022\/06\/3SemisGrainesArbresCM1avec-Commune-Novembre-1024x768.jpg 1024w, https:\/\/ecole-privee-getigne.fr\/wp-content\/uploads\/2022\/06\/3SemisGrainesArbresCM1avec-Commune-Novembre-768x576.jpg 768w, https:\/\/ecole-privee-getigne.fr\/wp-content\/uploads\/2022\/06\/3SemisGrainesArbresCM1avec-Commune-Novembre-1536x1152.jpg 1536w, https:\/\/ecole-privee-getigne.fr\/wp-content\/uploads\/2022\/06\/3SemisGrainesArbresCM1avec-Commune-Novembre.jpg 1920w\" sizes=\"(max-width: 300px) 100vw, 300px\" \/><\/a>\n\t\t\t<\/dt><\/dl><dl class='gallery-item'>\n\t\t\t<dt class='gallery-icon landscape'>\n\t\t\t\t<a href='https:\/\/ecole-privee-getigne.fr\/?attachment_id=2883'><img loading=\"lazy\" decoding=\"async\" width=\"300\" height=\"225\" src=\"https:\/\/ecole-privee-getigne.fr\/wp-content\/uploads\/2022\/06\/1CroquisAu-VallonSeptembre-300x225.jpg\" class=\"attachment-medium size-medium\" alt=\"\" srcset=\"https:\/\/ecole-privee-getigne.fr\/wp-content\/uploads\/2022\/06\/1CroquisAu-VallonSeptembre-300x225.jpg 300w, https:\/\/ecole-privee-getigne.fr\/wp-content\/uploads\/2022\/06\/1CroquisAu-VallonSeptembre-1024x768.jpg 1024w, https:\/\/ecole-privee-getigne.fr\/wp-content\/uploads\/2022\/06\/1CroquisAu-VallonSeptembre-768x576.jpg 768w, https:\/\/ecole-privee-getigne.fr\/wp-content\/uploads\/2022\/06\/1CroquisAu-VallonSeptembre-1536x1152.jpg 1536w, https:\/\/ecole-privee-getigne.fr\/wp-content\/uploads\/2022\/06\/1CroquisAu-VallonSeptembre.jpg 1920w\" sizes=\"(max-width: 300px) 100vw, 300px\" \/><\/a>\n\t\t\t<\/dt><\/dl><dl class='gallery-item'>\n\t\t\t<dt class='gallery-icon landscape'>\n\t\t\t\t<a href='https:\/\/ecole-privee-getigne.fr\/?attachment_id=2890'><img loading=\"lazy\" decoding=\"async\" width=\"300\" height=\"225\" src=\"https:\/\/ecole-privee-getigne.fr\/wp-content\/uploads\/2022\/06\/8Recherche-300x225.jpg\" class=\"attachment-medium size-medium\" alt=\"\" aria-describedby=\"gallery-1-2890\" srcset=\"https:\/\/ecole-privee-getigne.fr\/wp-content\/uploads\/2022\/06\/8Recherche-300x225.jpg 300w, https:\/\/ecole-privee-getigne.fr\/wp-content\/uploads\/2022\/06\/8Recherche-1024x768.jpg 1024w, https:\/\/ecole-privee-getigne.fr\/wp-content\/uploads\/2022\/06\/8Recherche-768x576.jpg 768w, https:\/\/ecole-privee-getigne.fr\/wp-content\/uploads\/2022\/06\/8Recherche-1536x1152.jpg 1536w, https:\/\/ecole-privee-getigne.fr\/wp-content\/uploads\/2022\/06\/8Recherche.jpg 1920w\" sizes=\"(max-width: 300px) 100vw, 300px\" \/><\/a>\n\t\t\t<\/dt>\n\t\t\t\t<dd class='wp-caption-text gallery-caption' id='gallery-1-2890'>\n\t\t\t\tvivarium de vers de terre\n\t\t\t\t<\/dd><\/dl><br style=\"clear: both\" \/><dl class='gallery-item'>\n\t\t\t<dt class='gallery-icon landscape'>\n\t\t\t\t<a href='https:\/\/ecole-privee-getigne.fr\/?attachment_id=2892'><img loading=\"lazy\" decoding=\"async\" width=\"300\" height=\"225\" src=\"https:\/\/ecole-privee-getigne.fr\/wp-content\/uploads\/2022\/06\/10VivariumDeVersdeTerre1en-CM-et-1-enPSMS-300x225.jpg\" class=\"attachment-medium size-medium\" alt=\"\" srcset=\"https:\/\/ecole-privee-getigne.fr\/wp-content\/uploads\/2022\/06\/10VivariumDeVersdeTerre1en-CM-et-1-enPSMS-300x225.jpg 300w, https:\/\/ecole-privee-getigne.fr\/wp-content\/uploads\/2022\/06\/10VivariumDeVersdeTerre1en-CM-et-1-enPSMS-1024x768.jpg 1024w, https:\/\/ecole-privee-getigne.fr\/wp-content\/uploads\/2022\/06\/10VivariumDeVersdeTerre1en-CM-et-1-enPSMS-768x576.jpg 768w, https:\/\/ecole-privee-getigne.fr\/wp-content\/uploads\/2022\/06\/10VivariumDeVersdeTerre1en-CM-et-1-enPSMS-1536x1152.jpg 1536w, https:\/\/ecole-privee-getigne.fr\/wp-content\/uploads\/2022\/06\/10VivariumDeVersdeTerre1en-CM-et-1-enPSMS.jpg 1920w\" sizes=\"(max-width: 300px) 100vw, 300px\" \/><\/a>\n\t\t\t<\/dt><\/dl><dl class='gallery-item'>\n\t\t\t<dt class='gallery-icon portrait'>\n\t\t\t\t<a href='https:\/\/ecole-privee-getigne.fr\/?attachment_id=2886'><img loading=\"lazy\" decoding=\"async\" width=\"225\" height=\"300\" src=\"https:\/\/ecole-privee-getigne.fr\/wp-content\/uploads\/2022\/06\/4Desherbagedes-Parterres-Novembre-225x300.jpg\" class=\"attachment-medium size-medium\" alt=\"\" srcset=\"https:\/\/ecole-privee-getigne.fr\/wp-content\/uploads\/2022\/06\/4Desherbagedes-Parterres-Novembre-225x300.jpg 225w, https:\/\/ecole-privee-getigne.fr\/wp-content\/uploads\/2022\/06\/4Desherbagedes-Parterres-Novembre-768x1024.jpg 768w, https:\/\/ecole-privee-getigne.fr\/wp-content\/uploads\/2022\/06\/4Desherbagedes-Parterres-Novembre-1152x1536.jpg 1152w, https:\/\/ecole-privee-getigne.fr\/wp-content\/uploads\/2022\/06\/4Desherbagedes-Parterres-Novembre.jpg 1440w\" sizes=\"(max-width: 225px) 100vw, 225px\" \/><\/a>\n\t\t\t<\/dt><\/dl><dl class='gallery-item'>\n\t\t\t<dt class='gallery-icon landscape'>\n\t\t\t\t<a href='https:\/\/ecole-privee-getigne.fr\/?attachment_id=2881'><img loading=\"lazy\" decoding=\"async\" width=\"300\" height=\"225\" src=\"https:\/\/ecole-privee-getigne.fr\/wp-content\/uploads\/2022\/06\/DSC04268-300x225.jpg\" class=\"attachment-medium size-medium\" alt=\"\" srcset=\"https:\/\/ecole-privee-getigne.fr\/wp-content\/uploads\/2022\/06\/DSC04268-300x225.jpg 300w, https:\/\/ecole-privee-getigne.fr\/wp-content\/uploads\/2022\/06\/DSC04268-1024x768.jpg 1024w, https:\/\/ecole-privee-getigne.fr\/wp-content\/uploads\/2022\/06\/DSC04268-768x576.jpg 768w, https:\/\/ecole-privee-getigne.fr\/wp-content\/uploads\/2022\/06\/DSC04268-1536x1152.jpg 1536w, https:\/\/ecole-privee-getigne.fr\/wp-content\/uploads\/2022\/06\/DSC04268.jpg 1920w\" sizes=\"(max-width: 300px) 100vw, 300px\" \/><\/a>\n\t\t\t<\/dt><\/dl><br style=\"clear: both\" \/><dl class='gallery-item'>\n\t\t\t<dt class='gallery-icon landscape'>\n\t\t\t\t<a href='https:\/\/ecole-privee-getigne.fr\/?attachment_id=2873'><img loading=\"lazy\" decoding=\"async\" width=\"300\" height=\"225\" src=\"https:\/\/ecole-privee-getigne.fr\/wp-content\/uploads\/2022\/06\/DSC04116-300x225.jpg\" class=\"attachment-medium size-medium\" alt=\"\" srcset=\"https:\/\/ecole-privee-getigne.fr\/wp-content\/uploads\/2022\/06\/DSC04116-300x225.jpg 300w, https:\/\/ecole-privee-getigne.fr\/wp-content\/uploads\/2022\/06\/DSC04116-1024x768.jpg 1024w, https:\/\/ecole-privee-getigne.fr\/wp-content\/uploads\/2022\/06\/DSC04116-768x576.jpg 768w, https:\/\/ecole-privee-getigne.fr\/wp-content\/uploads\/2022\/06\/DSC04116-1536x1152.jpg 1536w, https:\/\/ecole-privee-getigne.fr\/wp-content\/uploads\/2022\/06\/DSC04116.jpg 1920w\" sizes=\"(max-width: 300px) 100vw, 300px\" \/><\/a>\n\t\t\t<\/dt><\/dl><dl class='gallery-item'>\n\t\t\t<dt class='gallery-icon landscape'>\n\t\t\t\t<a href='https:\/\/ecole-privee-getigne.fr\/?attachment_id=2868'><img loading=\"lazy\" decoding=\"async\" width=\"300\" height=\"225\" src=\"https:\/\/ecole-privee-getigne.fr\/wp-content\/uploads\/2022\/06\/DSC04054-300x225.jpg\" class=\"attachment-medium size-medium\" alt=\"\" srcset=\"https:\/\/ecole-privee-getigne.fr\/wp-content\/uploads\/2022\/06\/DSC04054-300x225.jpg 300w, https:\/\/ecole-privee-getigne.fr\/wp-content\/uploads\/2022\/06\/DSC04054-1024x768.jpg 1024w, https:\/\/ecole-privee-getigne.fr\/wp-content\/uploads\/2022\/06\/DSC04054-768x576.jpg 768w, https:\/\/ecole-privee-getigne.fr\/wp-content\/uploads\/2022\/06\/DSC04054-1536x1152.jpg 1536w, https:\/\/ecole-privee-getigne.fr\/wp-content\/uploads\/2022\/06\/DSC04054.jpg 1920w\" sizes=\"(max-width: 300px) 100vw, 300px\" \/><\/a>\n\t\t\t<\/dt><\/dl>\n\t\t\t<br style='clear: both' \/>\n\t\t<\/div>\n\n<p><a href=\"https:\/\/ecole-privee-getigne.fr\/wp-content\/uploads\/2021\/09\/eco-ecole.jpg\"><img loading=\"lazy\" decoding=\"async\" class=\"size-full wp-image-2665 aligncenter\" src=\"https:\/\/ecole-privee-getigne.fr\/wp-content\/uploads\/2021\/09\/eco-ecole.jpg\" alt=\"\" width=\"124\" height=\"168\"><\/a><\/p>\n<p style=\"text-align: center;\">Deuxi\u00e8me ann\u00e9e de labellisation qui couronne le projet p\u00e9dagogique de l&rsquo;\u00e9cole sur la biodiversit\u00e9.<\/p>\n<h2 style=\"text-align: center;\"><a href=\"https:\/\/ecole-privee-getigne.fr\/wp-content\/uploads\/2022\/04\/Lettre-au-President-de-La-Republique-Ecole.jpg\"><img loading=\"lazy\" decoding=\"async\" class=\"alignnone size-full wp-image-2856\" src=\"https:\/\/ecole-privee-getigne.fr\/wp-content\/uploads\/2022\/04\/Lettre-au-President-de-La-Republique-Ecole.jpg\" alt=\"\" width=\"1366\" height=\"768\" srcset=\"https:\/\/ecole-privee-getigne.fr\/wp-content\/uploads\/2022\/04\/Lettre-au-President-de-La-Republique-Ecole.jpg 1366w, https:\/\/ecole-privee-getigne.fr\/wp-content\/uploads\/2022\/04\/Lettre-au-President-de-La-Republique-Ecole-300x169.jpg 300w, https:\/\/ecole-privee-getigne.fr\/wp-content\/uploads\/2022\/04\/Lettre-au-President-de-La-Republique-Ecole-1024x576.jpg 1024w, https:\/\/ecole-privee-getigne.fr\/wp-content\/uploads\/2022\/04\/Lettre-au-President-de-La-Republique-Ecole-768x432.jpg 768w\" sizes=\"(max-width: 1366px) 100vw, 1366px\" \/><\/a><\/h2>\n<p style=\"text-align: center;\">Parrainage entre les Moyennes sections et Cm1-Cm2: reconnexion \u00e0 la nature et land art au Vallon<\/p>\n\n\t\t<style type=\"text\/css\">\n\t\t\t#gallery-2 {\n\t\t\t\tmargin: auto;\n\t\t\t}\n\t\t\t#gallery-2 .gallery-item {\n\t\t\t\tfloat: left;\n\t\t\t\tmargin-top: 10px;\n\t\t\t\ttext-align: center;\n\t\t\t\twidth: 33%;\n\t\t\t}\n\t\t\t#gallery-2 img {\n\t\t\t\tborder: 2px solid #cfcfcf;\n\t\t\t}\n\t\t\t#gallery-2 .gallery-caption {\n\t\t\t\tmargin-left: 0;\n\t\t\t}\n\t\t\t\/* see gallery_shortcode() in wp-includes\/media.php *\/\n\t\t<\/style>\n\t\t<div id='gallery-2' class='gallery galleryid-524 gallery-columns-3 gallery-size-thumbnail'><dl class='gallery-item'>\n\t\t\t<dt class='gallery-icon portrait'>\n\t\t\t\t<a href='https:\/\/ecole-privee-getigne.fr\/?attachment_id=2728#main'><img loading=\"lazy\" decoding=\"async\" width=\"150\" height=\"150\" src=\"https:\/\/ecole-privee-getigne.fr\/wp-content\/uploads\/2021\/10\/20210921_154457-150x150.jpg\" class=\"attachment-thumbnail size-thumbnail\" alt=\"\" \/><\/a>\n\t\t\t<\/dt><\/dl><dl class='gallery-item'>\n\t\t\t<dt class='gallery-icon landscape'>\n\t\t\t\t<a href='https:\/\/ecole-privee-getigne.fr\/?attachment_id=2723#main'><img loading=\"lazy\" decoding=\"async\" width=\"150\" height=\"150\" src=\"https:\/\/ecole-privee-getigne.fr\/wp-content\/uploads\/2021\/10\/20210921_154039-150x150.jpg\" class=\"attachment-thumbnail size-thumbnail\" alt=\"\" \/><\/a>\n\t\t\t<\/dt><\/dl><dl class='gallery-item'>\n\t\t\t<dt class='gallery-icon landscape'>\n\t\t\t\t<a href='https:\/\/ecole-privee-getigne.fr\/?attachment_id=2717#main'><img loading=\"lazy\" decoding=\"async\" width=\"150\" height=\"150\" src=\"https:\/\/ecole-privee-getigne.fr\/wp-content\/uploads\/2021\/10\/20210921_153421-150x150.jpg\" class=\"attachment-thumbnail size-thumbnail\" alt=\"\" \/><\/a>\n\t\t\t<\/dt><\/dl><br style=\"clear: both\" \/><dl class='gallery-item'>\n\t\t\t<dt class='gallery-icon landscape'>\n\t\t\t\t<a href='https:\/\/ecole-privee-getigne.fr\/?attachment_id=2719#main'><img loading=\"lazy\" decoding=\"async\" width=\"150\" height=\"150\" src=\"https:\/\/ecole-privee-getigne.fr\/wp-content\/uploads\/2021\/10\/20210921_153653-150x150.jpg\" class=\"attachment-thumbnail size-thumbnail\" alt=\"\" \/><\/a>\n\t\t\t<\/dt><\/dl><dl class='gallery-item'>\n\t\t\t<dt class='gallery-icon landscape'>\n\t\t\t\t<a href='https:\/\/ecole-privee-getigne.fr\/?attachment_id=2721#main'><img loading=\"lazy\" decoding=\"async\" width=\"150\" height=\"150\" src=\"https:\/\/ecole-privee-getigne.fr\/wp-content\/uploads\/2021\/10\/20210921_153939-150x150.jpg\" class=\"attachment-thumbnail size-thumbnail\" alt=\"\" \/><\/a>\n\t\t\t<\/dt><\/dl><dl class='gallery-item'>\n\t\t\t<dt class='gallery-icon landscape'>\n\t\t\t\t<a href='https:\/\/ecole-privee-getigne.fr\/?attachment_id=2712#main'><img loading=\"lazy\" decoding=\"async\" width=\"150\" height=\"150\" src=\"https:\/\/ecole-privee-getigne.fr\/wp-content\/uploads\/2021\/10\/20210921_152418-150x150.jpg\" class=\"attachment-thumbnail size-thumbnail\" alt=\"\" \/><\/a>\n\t\t\t<\/dt><\/dl><br style=\"clear: both\" \/><dl class='gallery-item'>\n\t\t\t<dt class='gallery-icon landscape'>\n\t\t\t\t<a href='https:\/\/ecole-privee-getigne.fr\/?attachment_id=2714#main'><img loading=\"lazy\" decoding=\"async\" width=\"150\" height=\"150\" src=\"https:\/\/ecole-privee-getigne.fr\/wp-content\/uploads\/2021\/10\/20210921_152445-150x150.jpg\" class=\"attachment-thumbnail size-thumbnail\" alt=\"\" \/><\/a>\n\t\t\t<\/dt><\/dl><dl class='gallery-item'>\n\t\t\t<dt class='gallery-icon landscape'>\n\t\t\t\t<a href='https:\/\/ecole-privee-getigne.fr\/?attachment_id=2720#main'><img loading=\"lazy\" decoding=\"async\" width=\"150\" height=\"150\" src=\"https:\/\/ecole-privee-getigne.fr\/wp-content\/uploads\/2021\/10\/20210921_153838-150x150.jpg\" class=\"attachment-thumbnail size-thumbnail\" alt=\"\" \/><\/a>\n\t\t\t<\/dt><\/dl><dl class='gallery-item'>\n\t\t\t<dt class='gallery-icon landscape'>\n\t\t\t\t<a href='https:\/\/ecole-privee-getigne.fr\/?attachment_id=2718#main'><img loading=\"lazy\" decoding=\"async\" width=\"150\" height=\"150\" src=\"https:\/\/ecole-privee-getigne.fr\/wp-content\/uploads\/2021\/10\/20210921_153628-150x150.jpg\" class=\"attachment-thumbnail size-thumbnail\" alt=\"\" \/><\/a>\n\t\t\t<\/dt><\/dl><br style=\"clear: both\" \/><dl class='gallery-item'>\n\t\t\t<dt class='gallery-icon landscape'>\n\t\t\t\t<a href='https:\/\/ecole-privee-getigne.fr\/?attachment_id=2727#main'><img loading=\"lazy\" decoding=\"async\" width=\"150\" height=\"150\" src=\"https:\/\/ecole-privee-getigne.fr\/wp-content\/uploads\/2021\/10\/20210921_154417-150x150.jpg\" class=\"attachment-thumbnail size-thumbnail\" alt=\"\" \/><\/a>\n\t\t\t<\/dt><\/dl>\n\t\t\t<br style='clear: both' \/>\n\t\t<\/div>\n\n<h4 style=\"text-align: center;\"><span style=\"color: #3366ff;\"><strong>ANN\u00c9E 2020\/2021<\/strong><\/span><\/h4>\n<p><span style=\"color: #3366ff;\">Tous ensemble, tous \u00e9gaux vers&nbsp; un monde solidaire au fil de l&rsquo;eau<\/span>.<\/p>\n<p>Premi\u00e8re labellisation Eco-\u00e9cole qui r\u00e9compense notre projet p\u00e9dagogique sur l&rsquo;eau:<\/p>\n<p><a href=\"https:\/\/ecole-privee-getigne.fr\/wp-content\/uploads\/2021\/09\/eco-ecole.jpg\"><img loading=\"lazy\" decoding=\"async\" class=\"alignnone size-full wp-image-2665\" src=\"https:\/\/ecole-privee-getigne.fr\/wp-content\/uploads\/2021\/09\/eco-ecole.jpg\" alt=\"\" width=\"124\" height=\"168\"><\/a><a href=\"https:\/\/ecole-privee-getigne.fr\/wp-content\/uploads\/2020\/11\/Image-flyer.jpg\"><img loading=\"lazy\" decoding=\"async\" class=\"size-full wp-image-2364 alignright\" src=\"https:\/\/ecole-privee-getigne.fr\/wp-content\/uploads\/2020\/11\/Image-flyer.jpg\" alt=\"\" width=\"409\" height=\"563\" srcset=\"https:\/\/ecole-privee-getigne.fr\/wp-content\/uploads\/2020\/11\/Image-flyer.jpg 409w, https:\/\/ecole-privee-getigne.fr\/wp-content\/uploads\/2020\/11\/Image-flyer-218x300.jpg 218w\" sizes=\"(max-width: 409px) 100vw, 409px\" \/><\/a><\/p>\n<h4><a href=\"https:\/\/ecole-privee-getigne.fr\/wp-content\/uploads\/2021\/05\/IMG_6741.jpg\"><img loading=\"lazy\" decoding=\"async\" class=\"wp-image-2648 aligncenter\" src=\"https:\/\/ecole-privee-getigne.fr\/wp-content\/uploads\/2021\/05\/IMG_6741.jpg\" alt=\"\" width=\"267\" height=\"364\" srcset=\"https:\/\/ecole-privee-getigne.fr\/wp-content\/uploads\/2021\/05\/IMG_6741.jpg 1408w, https:\/\/ecole-privee-getigne.fr\/wp-content\/uploads\/2021\/05\/IMG_6741-220x300.jpg 220w, https:\/\/ecole-privee-getigne.fr\/wp-content\/uploads\/2021\/05\/IMG_6741-751x1024.jpg 751w, https:\/\/ecole-privee-getigne.fr\/wp-content\/uploads\/2021\/05\/IMG_6741-768x1047.jpg 768w, https:\/\/ecole-privee-getigne.fr\/wp-content\/uploads\/2021\/05\/IMG_6741-1126x1536.jpg 1126w\" sizes=\"(max-width: 267px) 100vw, 267px\" \/><\/a><\/h4>\n<h4><a href=\"https:\/\/ecole-privee-getigne.fr\/wp-content\/uploads\/2021\/03\/Journee-mondiale-de-leau-affiche-CM.jpg\"><img loading=\"lazy\" decoding=\"async\" class=\"wp-image-2582 aligncenter\" src=\"https:\/\/ecole-privee-getigne.fr\/wp-content\/uploads\/2021\/03\/Journee-mondiale-de-leau-affiche-CM.jpg\" alt=\"\" width=\"539\" height=\"766\" srcset=\"https:\/\/ecole-privee-getigne.fr\/wp-content\/uploads\/2021\/03\/Journee-mondiale-de-leau-affiche-CM.jpg 1352w, https:\/\/ecole-privee-getigne.fr\/wp-content\/uploads\/2021\/03\/Journee-mondiale-de-leau-affiche-CM-211x300.jpg 211w, https:\/\/ecole-privee-getigne.fr\/wp-content\/uploads\/2021\/03\/Journee-mondiale-de-leau-affiche-CM-721x1024.jpg 721w, https:\/\/ecole-privee-getigne.fr\/wp-content\/uploads\/2021\/03\/Journee-mondiale-de-leau-affiche-CM-768x1091.jpg 768w, https:\/\/ecole-privee-getigne.fr\/wp-content\/uploads\/2021\/03\/Journee-mondiale-de-leau-affiche-CM-1082x1536.jpg 1082w\" sizes=\"(max-width: 539px) 100vw, 539px\" \/><\/a><span style=\"color: #333399;\">La classe de Cm1-Cm2 remporte le prix du concours de l&rsquo;agence Loire- Bretagne: Il&nbsp; y a de la vie dans l&rsquo;eau ! Aujourd&rsquo;hui et demain.<\/span><\/h4>\n<h4><span style=\"color: #333399;\">Pour c\u00e9l\u00e9brer la Journ\u00e9e mondiale de l\u2019eau, l\u2019agence de l\u2019eau Loire-Bretagne organise un concours d&rsquo;affiches et vid\u00e9os aupr\u00e8s des \u00e9coles, coll\u00e8ges et lyc\u00e9es de l\u2019ensemble du bassin Loire-Bretagne. Il s&rsquo;inscrit dans un objectif de sensibilisation des scolaires \u00e0 l&rsquo;eau et aux milieux aquatiques et invite les \u00e9l\u00e8ves \u00e0 mener une r\u00e9flexion sur ces enjeux.<\/span><\/h4>\n<h4>&nbsp;<\/h4>\n<h4 style=\"text-align: center;\"><strong>ANN\u00c9E 2019\/2020<\/strong><\/h4>\n<p style=\"text-align: justify;\">Les CM2 de l&rsquo;\u00e9cole Notre Dame du Sacr\u00e9-C\u0153ur sont all\u00e9s faire du jus de pommes le jeudi 26 septembre, \u00e0 la Bruffi\u00e8re.<\/p>\n<p style=\"text-align: justify;\">Des producteurs ont d&rsquo;abord r\u00e9colt\u00e9 les pommes. Ils les ont d\u00e9pos\u00e9es dans des palbox qui ont \u00e9t\u00e9 transport\u00e9es jusqu&rsquo;au pressoir. Puis, les CM2 ont mis le jus en bouteilles. Le lendemain, l&rsquo;APEL a vendu le jus de pommes; cela aidera \u00e0 financer les projets de l&rsquo;\u00e9cole dans l&rsquo;ann\u00e9e.<\/p>\n<p><a href=\"https:\/\/ecole-privee-getigne.fr\/?attachment_id=2019#main\" rel=\"attachment wp-att-2019\"><img loading=\"lazy\" decoding=\"async\" class=\"size-medium wp-image-2019 alignleft\" src=\"https:\/\/ecole-privee-getigne.fr\/wp-content\/uploads\/2019\/11\/Resized_20190926_100755_4892-169x300.jpeg\" alt=\"\" width=\"169\" height=\"300\"><\/a> <a href=\"https:\/\/ecole-privee-getigne.fr\/?attachment_id=2018#main\" rel=\"attachment wp-att-2018\"><img loading=\"lazy\" decoding=\"async\" class=\"alignnone size-medium wp-image-2018\" src=\"https:\/\/ecole-privee-getigne.fr\/wp-content\/uploads\/2019\/11\/Resized_20190926_095257_2111-300x169.jpeg\" alt=\"\" width=\"300\" height=\"169\"><\/a> <a href=\"https:\/\/ecole-privee-getigne.fr\/?attachment_id=2017#main\" rel=\"attachment wp-att-2017\"><img loading=\"lazy\" decoding=\"async\" class=\"alignnone size-medium wp-image-2017\" src=\"https:\/\/ecole-privee-getigne.fr\/wp-content\/uploads\/2019\/11\/Resized_20190926_095255_3303-300x169.jpeg\" alt=\"\" width=\"300\" height=\"169\"><\/a> <a href=\"https:\/\/ecole-privee-getigne.fr\/?attachment_id=2016#main\" rel=\"attachment wp-att-2016\"><img loading=\"lazy\" decoding=\"async\" class=\"alignnone size-medium wp-image-2016\" src=\"https:\/\/ecole-privee-getigne.fr\/wp-content\/uploads\/2019\/11\/Resized_20190926_094705_8552-300x169.jpeg\" alt=\"\" width=\"300\" height=\"169\" srcset=\"https:\/\/ecole-privee-getigne.fr\/wp-content\/uploads\/2019\/11\/Resized_20190926_094705_8552-300x169.jpeg 300w, https:\/\/ecole-privee-getigne.fr\/wp-content\/uploads\/2019\/11\/Resized_20190926_094705_8552-768x432.jpeg 768w, https:\/\/ecole-privee-getigne.fr\/wp-content\/uploads\/2019\/11\/Resized_20190926_094705_8552-1024x576.jpeg 1024w, https:\/\/ecole-privee-getigne.fr\/wp-content\/uploads\/2019\/11\/Resized_20190926_094705_8552.jpeg 1920w\" sizes=\"(max-width: 300px) 100vw, 300px\" \/><\/a> <a href=\"https:\/\/ecole-privee-getigne.fr\/?attachment_id=2015#main\" rel=\"attachment wp-att-2015\"><img loading=\"lazy\" decoding=\"async\" class=\"alignnone size-medium wp-image-2015\" src=\"https:\/\/ecole-privee-getigne.fr\/wp-content\/uploads\/2019\/11\/IMG_15131-300x225.jpg\" alt=\"\" width=\"300\" height=\"225\" srcset=\"https:\/\/ecole-privee-getigne.fr\/wp-content\/uploads\/2019\/11\/IMG_15131-300x225.jpg 300w, https:\/\/ecole-privee-getigne.fr\/wp-content\/uploads\/2019\/11\/IMG_15131-768x576.jpg 768w, https:\/\/ecole-privee-getigne.fr\/wp-content\/uploads\/2019\/11\/IMG_15131.jpg 800w\" sizes=\"(max-width: 300px) 100vw, 300px\" \/><\/a> <a href=\"https:\/\/ecole-privee-getigne.fr\/?attachment_id=2012#main\" rel=\"attachment wp-att-2012\"><img loading=\"lazy\" decoding=\"async\" class=\"alignnone size-medium wp-image-2012\" src=\"https:\/\/ecole-privee-getigne.fr\/wp-content\/uploads\/2019\/11\/IMG_14881-300x225.jpg\" alt=\"\" width=\"300\" height=\"225\"><\/a> <a href=\"https:\/\/ecole-privee-getigne.fr\/?attachment_id=2013#main\" rel=\"attachment wp-att-2013\"><img loading=\"lazy\" decoding=\"async\" class=\"alignnone size-medium wp-image-2013\" src=\"https:\/\/ecole-privee-getigne.fr\/wp-content\/uploads\/2019\/11\/IMG_14911-300x225.jpg\" alt=\"\" width=\"300\" height=\"225\"><\/a> <a href=\"https:\/\/ecole-privee-getigne.fr\/?attachment_id=2014#main\" rel=\"attachment wp-att-2014\"><img loading=\"lazy\" decoding=\"async\" class=\"alignnone size-medium wp-image-2014\" src=\"https:\/\/ecole-privee-getigne.fr\/wp-content\/uploads\/2019\/11\/IMG_15091-300x225.jpg\" alt=\"\" width=\"300\" height=\"225\"><\/a><\/p>\n<h1>&nbsp;<\/h1>\n<h4 style=\"text-align: center;\"><strong><span style=\"color: #993366;\">ANN\u00c9E 2018\/2019<\/span><\/strong><\/h4>\n<p>&nbsp;<\/p>\n<p style=\"text-align: center;\"><a href=\"https:\/\/ecole-privee-getigne.fr\/wp-content\/uploads\/2019\/05\/IMG_2504.jpg\"><img loading=\"lazy\" decoding=\"async\" class=\"aligncenter wp-image-1901 size-large\" src=\"https:\/\/ecole-privee-getigne.fr\/wp-content\/uploads\/2019\/05\/IMG_2504-626x1024.jpg\" alt=\"\" width=\"626\" height=\"1024\" srcset=\"https:\/\/ecole-privee-getigne.fr\/wp-content\/uploads\/2019\/05\/IMG_2504-626x1024.jpg 626w, https:\/\/ecole-privee-getigne.fr\/wp-content\/uploads\/2019\/05\/IMG_2504-183x300.jpg 183w, https:\/\/ecole-privee-getigne.fr\/wp-content\/uploads\/2019\/05\/IMG_2504-768x1257.jpg 768w, https:\/\/ecole-privee-getigne.fr\/wp-content\/uploads\/2019\/05\/IMG_2504.jpg 1251w\" sizes=\"(max-width: 626px) 100vw, 626px\" \/><\/a><\/p>\n<p style=\"text-align: center;\"><span style=\"color: #993366;\">Mais que se passe t-il \u00e0 l&rsquo;\u00e9cole cette semaine ?<\/span><\/p>\n<p>Les \u00e9l\u00e8ves de la Toute Petite Section au CM2 sont pour toute la semaine \u00ab\u00a0\u00e0 la rencontre de &#8230;\u00a0\u00bb<br \/>\nOccasion leur est donn\u00e9e de rencontrer des personnes passionn\u00e9es qui viennent \u00e9changer, partager avec eux, la sculpture, la r\u00e9novation de meubles anciens, le tricot, la couture, le scrapbooking, la plong\u00e9e sous marine par exemple mais aussi faire d\u00e9couvrir le m\u00e9tier de gendarme, la th\u00e9rapie g\u00e9n\u00e9tique ou encore un voyage autour du monde. Toutes les traces de ces ateliers seront \u00e0 d\u00e9couvrir :<\/p>\n<p style=\"text-align: center;\"><strong><span style=\"color: #993366;\">VENDREDI 17 MAI de 16h30 \u00e0 18h30.<\/span><\/strong><\/p>\n<p>&nbsp;<\/p>\n<hr>\n<h3 style=\"text-align: center;\"><span style=\"color: #00ccff;\">CHANTS AUX TROIS CLOCHERS<\/span><\/h3>\n<p>Les MS GS CM1 et CM2 sont all\u00e9s \u00e0 la r\u00e9sidence des trois clochers.<\/p>\n<p>Ils ont interpr\u00e9t\u00e9 des chants de No\u00ebl pour le plus grand plaisir des r\u00e9sidents.<\/p>\n<p><a href=\"https:\/\/ecole-privee-getigne.fr\/wp-content\/uploads\/2019\/01\/IMG_2196.jpg\"><img loading=\"lazy\" decoding=\"async\" class=\"alignnone size-medium wp-image-1695\" src=\"https:\/\/ecole-privee-getigne.fr\/wp-content\/uploads\/2019\/01\/IMG_2196-300x225.jpg\" alt=\"\" width=\"300\" height=\"225\" srcset=\"https:\/\/ecole-privee-getigne.fr\/wp-content\/uploads\/2019\/01\/IMG_2196-300x225.jpg 300w, https:\/\/ecole-privee-getigne.fr\/wp-content\/uploads\/2019\/01\/IMG_2196-768x576.jpg 768w, https:\/\/ecole-privee-getigne.fr\/wp-content\/uploads\/2019\/01\/IMG_2196-1024x768.jpg 1024w, https:\/\/ecole-privee-getigne.fr\/wp-content\/uploads\/2019\/01\/IMG_2196.jpg 2048w\" sizes=\"(max-width: 300px) 100vw, 300px\" \/><\/a> <a href=\"https:\/\/ecole-privee-getigne.fr\/wp-content\/uploads\/2019\/01\/IMG_2200.jpg\"><img loading=\"lazy\" decoding=\"async\" class=\"alignnone size-medium wp-image-1696\" src=\"https:\/\/ecole-privee-getigne.fr\/wp-content\/uploads\/2019\/01\/IMG_2200-300x225.jpg\" alt=\"\" width=\"300\" height=\"225\" srcset=\"https:\/\/ecole-privee-getigne.fr\/wp-content\/uploads\/2019\/01\/IMG_2200-300x225.jpg 300w, https:\/\/ecole-privee-getigne.fr\/wp-content\/uploads\/2019\/01\/IMG_2200-768x576.jpg 768w, https:\/\/ecole-privee-getigne.fr\/wp-content\/uploads\/2019\/01\/IMG_2200-1024x768.jpg 1024w, https:\/\/ecole-privee-getigne.fr\/wp-content\/uploads\/2019\/01\/IMG_2200.jpg 2048w\" sizes=\"(max-width: 300px) 100vw, 300px\" \/><\/a> <a href=\"https:\/\/ecole-privee-getigne.fr\/wp-content\/uploads\/2019\/01\/IMG_2204.jpg\"><img loading=\"lazy\" decoding=\"async\" class=\"alignnone size-medium wp-image-1697\" src=\"https:\/\/ecole-privee-getigne.fr\/wp-content\/uploads\/2019\/01\/IMG_2204-300x225.jpg\" alt=\"\" width=\"300\" height=\"225\" srcset=\"https:\/\/ecole-privee-getigne.fr\/wp-content\/uploads\/2019\/01\/IMG_2204-300x225.jpg 300w, https:\/\/ecole-privee-getigne.fr\/wp-content\/uploads\/2019\/01\/IMG_2204-768x576.jpg 768w, https:\/\/ecole-privee-getigne.fr\/wp-content\/uploads\/2019\/01\/IMG_2204-1024x768.jpg 1024w, https:\/\/ecole-privee-getigne.fr\/wp-content\/uploads\/2019\/01\/IMG_2204.jpg 2048w\" sizes=\"(max-width: 300px) 100vw, 300px\" \/><\/a> <a href=\"https:\/\/ecole-privee-getigne.fr\/wp-content\/uploads\/2019\/01\/IMG_2207.jpg\"><img loading=\"lazy\" decoding=\"async\" class=\"alignnone size-medium wp-image-1698\" src=\"https:\/\/ecole-privee-getigne.fr\/wp-content\/uploads\/2019\/01\/IMG_2207-300x225.jpg\" alt=\"\" width=\"300\" height=\"225\" srcset=\"https:\/\/ecole-privee-getigne.fr\/wp-content\/uploads\/2019\/01\/IMG_2207-300x225.jpg 300w, https:\/\/ecole-privee-getigne.fr\/wp-content\/uploads\/2019\/01\/IMG_2207-768x576.jpg 768w, https:\/\/ecole-privee-getigne.fr\/wp-content\/uploads\/2019\/01\/IMG_2207-1024x768.jpg 1024w, https:\/\/ecole-privee-getigne.fr\/wp-content\/uploads\/2019\/01\/IMG_2207.jpg 2048w\" sizes=\"(max-width: 300px) 100vw, 300px\" \/><\/a> <a href=\"https:\/\/ecole-privee-getigne.fr\/wp-content\/uploads\/2019\/01\/IMG_2210-2.jpg\"><img loading=\"lazy\" decoding=\"async\" class=\"alignnone size-medium wp-image-1699\" src=\"https:\/\/ecole-privee-getigne.fr\/wp-content\/uploads\/2019\/01\/IMG_2210-2-300x290.jpg\" alt=\"\" width=\"300\" height=\"290\" srcset=\"https:\/\/ecole-privee-getigne.fr\/wp-content\/uploads\/2019\/01\/IMG_2210-2-300x290.jpg 300w, https:\/\/ecole-privee-getigne.fr\/wp-content\/uploads\/2019\/01\/IMG_2210-2-768x744.jpg 768w, https:\/\/ecole-privee-getigne.fr\/wp-content\/uploads\/2019\/01\/IMG_2210-2-1024x992.jpg 1024w, https:\/\/ecole-privee-getigne.fr\/wp-content\/uploads\/2019\/01\/IMG_2210-2.jpg 2048w\" sizes=\"(max-width: 300px) 100vw, 300px\" \/><\/a><\/p>\n<p>&nbsp;<\/p>\n<hr>\n<h3>&nbsp;<\/h3>\n<h3 style=\"text-align: center;\"><span style=\"color: #00ccff;\">LANCEMENT DU PROJET<\/span><\/h3>\n<p style=\"text-align: justify;\">Comme tous les ans, nos enseignantes nous ont propos\u00e9 chaque jour des indices pour nous amener \u00e0 d\u00e9couvrir le projet de l&rsquo;\u00e9cole cette ann\u00e9e. Chaque jour nous avons donc couru pour d\u00e9couvrir ce qu&rsquo;elles nous avaient concoct\u00e9 !<\/p>\n<p style=\"text-align: center;\"><a href=\"https:\/\/ecole-privee-getigne.fr\/wp-content\/uploads\/2018\/11\/P1080742.jpg\"><img loading=\"lazy\" decoding=\"async\" class=\"size-medium wp-image-1448 aligncenter\" src=\"https:\/\/ecole-privee-getigne.fr\/wp-content\/uploads\/2018\/11\/P1080742-300x225.jpg\" alt=\"\" width=\"300\" height=\"225\" srcset=\"https:\/\/ecole-privee-getigne.fr\/wp-content\/uploads\/2018\/11\/P1080742-300x225.jpg 300w, https:\/\/ecole-privee-getigne.fr\/wp-content\/uploads\/2018\/11\/P1080742-768x576.jpg 768w, https:\/\/ecole-privee-getigne.fr\/wp-content\/uploads\/2018\/11\/P1080742-1024x768.jpg 1024w, https:\/\/ecole-privee-getigne.fr\/wp-content\/uploads\/2018\/11\/P1080742.jpg 2048w\" sizes=\"(max-width: 300px) 100vw, 300px\" \/><\/a><\/p>\n<p style=\"text-align: center;\"><strong>Lundi<\/strong> une multitude de cl\u00e9s \u00e9tait diss\u00e9min\u00e9e dans toute l&rsquo;\u00e9cole pour \u00e9voquer l&rsquo;ouverture.<a href=\"https:\/\/ecole-privee-getigne.fr\/wp-content\/uploads\/2018\/11\/IMG_2156.jpg\"><img loading=\"lazy\" decoding=\"async\" class=\"wp-image-1443 aligncenter\" src=\"https:\/\/ecole-privee-getigne.fr\/wp-content\/uploads\/2018\/11\/IMG_2156-801x1024.jpg\" alt=\"\" width=\"202\" height=\"258\" srcset=\"https:\/\/ecole-privee-getigne.fr\/wp-content\/uploads\/2018\/11\/IMG_2156-801x1024.jpg 801w, https:\/\/ecole-privee-getigne.fr\/wp-content\/uploads\/2018\/11\/IMG_2156-235x300.jpg 235w, https:\/\/ecole-privee-getigne.fr\/wp-content\/uploads\/2018\/11\/IMG_2156-768x982.jpg 768w, https:\/\/ecole-privee-getigne.fr\/wp-content\/uploads\/2018\/11\/IMG_2156.jpg 1601w\" sizes=\"(max-width: 202px) 100vw, 202px\" \/><\/a><\/p>\n<p style=\"text-align: center;\"><strong>Mardi<\/strong> il s&rsquo;agissait de photos affich\u00e9es sur les vitres des classes, elles symbolisaient la rencontre, le partage et l&rsquo;\u00e9change.<\/p>\n\n\t\t<style type=\"text\/css\">\n\t\t\t#gallery-3 {\n\t\t\t\tmargin: auto;\n\t\t\t}\n\t\t\t#gallery-3 .gallery-item {\n\t\t\t\tfloat: left;\n\t\t\t\tmargin-top: 10px;\n\t\t\t\ttext-align: center;\n\t\t\t\twidth: 25%;\n\t\t\t}\n\t\t\t#gallery-3 img {\n\t\t\t\tborder: 2px solid #cfcfcf;\n\t\t\t}\n\t\t\t#gallery-3 .gallery-caption {\n\t\t\t\tmargin-left: 0;\n\t\t\t}\n\t\t\t\/* see gallery_shortcode() in wp-includes\/media.php *\/\n\t\t<\/style>\n\t\t<div id='gallery-3' class='gallery galleryid-524 gallery-columns-4 gallery-size-thumbnail'><dl class='gallery-item'>\n\t\t\t<dt class='gallery-icon landscape'>\n\t\t\t\t<a href='https:\/\/ecole-privee-getigne.fr\/wp-content\/uploads\/2018\/11\/3clocherstelephonesuper.jpg'><img loading=\"lazy\" decoding=\"async\" width=\"150\" height=\"150\" src=\"https:\/\/ecole-privee-getigne.fr\/wp-content\/uploads\/2018\/11\/3clocherstelephonesuper-150x150.jpg\" class=\"attachment-thumbnail size-thumbnail\" alt=\"\" \/><\/a>\n\t\t\t<\/dt><\/dl><dl class='gallery-item'>\n\t\t\t<dt class='gallery-icon portrait'>\n\t\t\t\t<a href='https:\/\/ecole-privee-getigne.fr\/wp-content\/uploads\/2018\/11\/20171013_112747.jpg'><img loading=\"lazy\" decoding=\"async\" width=\"150\" height=\"150\" src=\"https:\/\/ecole-privee-getigne.fr\/wp-content\/uploads\/2018\/11\/20171013_112747-150x150.jpg\" class=\"attachment-thumbnail size-thumbnail\" alt=\"\" \/><\/a>\n\t\t\t<\/dt><\/dl><dl class='gallery-item'>\n\t\t\t<dt class='gallery-icon landscape'>\n\t\t\t\t<a href='https:\/\/ecole-privee-getigne.fr\/wp-content\/uploads\/2018\/11\/DSC01294.jpg'><img loading=\"lazy\" decoding=\"async\" width=\"150\" height=\"150\" src=\"https:\/\/ecole-privee-getigne.fr\/wp-content\/uploads\/2018\/11\/DSC01294-150x150.jpg\" class=\"attachment-thumbnail size-thumbnail\" alt=\"\" \/><\/a>\n\t\t\t<\/dt><\/dl><dl class='gallery-item'>\n\t\t\t<dt class='gallery-icon landscape'>\n\t\t\t\t<a href='https:\/\/ecole-privee-getigne.fr\/wp-content\/uploads\/2018\/11\/P1080320-2.jpg'><img loading=\"lazy\" decoding=\"async\" width=\"150\" height=\"150\" src=\"https:\/\/ecole-privee-getigne.fr\/wp-content\/uploads\/2018\/11\/P1080320-2-150x150.jpg\" class=\"attachment-thumbnail size-thumbnail\" alt=\"\" \/><\/a>\n\t\t\t<\/dt><\/dl><br style=\"clear: both\" \/><dl class='gallery-item'>\n\t\t\t<dt class='gallery-icon portrait'>\n\t\t\t\t<a href='https:\/\/ecole-privee-getigne.fr\/wp-content\/uploads\/2018\/11\/20180416_154051.jpg'><img loading=\"lazy\" decoding=\"async\" width=\"150\" height=\"150\" src=\"https:\/\/ecole-privee-getigne.fr\/wp-content\/uploads\/2018\/11\/20180416_154051-150x150.jpg\" class=\"attachment-thumbnail size-thumbnail\" alt=\"\" \/><\/a>\n\t\t\t<\/dt><\/dl><dl class='gallery-item'>\n\t\t\t<dt class='gallery-icon landscape'>\n\t\t\t\t<a href='https:\/\/ecole-privee-getigne.fr\/wp-content\/uploads\/2018\/11\/DSC01259.jpg'><img loading=\"lazy\" decoding=\"async\" width=\"150\" height=\"150\" src=\"https:\/\/ecole-privee-getigne.fr\/wp-content\/uploads\/2018\/11\/DSC01259-150x150.jpg\" class=\"attachment-thumbnail size-thumbnail\" alt=\"\" \/><\/a>\n\t\t\t<\/dt><\/dl><dl class='gallery-item'>\n\t\t\t<dt class='gallery-icon landscape'>\n\t\t\t\t<a href='https:\/\/ecole-privee-getigne.fr\/wp-content\/uploads\/2018\/11\/P1080728.jpg'><img loading=\"lazy\" decoding=\"async\" width=\"150\" height=\"150\" src=\"https:\/\/ecole-privee-getigne.fr\/wp-content\/uploads\/2018\/11\/P1080728-150x150.jpg\" class=\"attachment-thumbnail size-thumbnail\" alt=\"\" \/><\/a>\n\t\t\t<\/dt><\/dl><dl class='gallery-item'>\n\t\t\t<dt class='gallery-icon landscape'>\n\t\t\t\t<a href='https:\/\/ecole-privee-getigne.fr\/wp-content\/uploads\/2018\/11\/3clochers\u00e9cole.jpg'><img loading=\"lazy\" decoding=\"async\" width=\"150\" height=\"150\" src=\"https:\/\/ecole-privee-getigne.fr\/wp-content\/uploads\/2018\/11\/3clochers\u00e9cole-150x150.jpg\" class=\"attachment-thumbnail size-thumbnail\" alt=\"\" \/><\/a>\n\t\t\t<\/dt><\/dl><br style=\"clear: both\" \/>\n\t\t<\/div>\n\n<p style=\"text-align: center;\"><a href=\"https:\/\/ecole-privee-getigne.fr\/wp-content\/uploads\/2018\/11\/P1080320-2.jpg\"><br \/>\n<\/a><strong>Jeudi<\/strong> des parcours et du mat\u00e9riel d&rsquo;escalade \u00e9taient install\u00e9s pour concr\u00e9tiser notre volont\u00e9 d&rsquo;aller \u00e0 la rencontre.<\/p>\n\n\t\t<style type=\"text\/css\">\n\t\t\t#gallery-4 {\n\t\t\t\tmargin: auto;\n\t\t\t}\n\t\t\t#gallery-4 .gallery-item {\n\t\t\t\tfloat: left;\n\t\t\t\tmargin-top: 10px;\n\t\t\t\ttext-align: center;\n\t\t\t\twidth: 20%;\n\t\t\t}\n\t\t\t#gallery-4 img {\n\t\t\t\tborder: 2px solid #cfcfcf;\n\t\t\t}\n\t\t\t#gallery-4 .gallery-caption {\n\t\t\t\tmargin-left: 0;\n\t\t\t}\n\t\t\t\/* see gallery_shortcode() in wp-includes\/media.php *\/\n\t\t<\/style>\n\t\t<div id='gallery-4' class='gallery galleryid-524 gallery-columns-5 gallery-size-thumbnail'><dl class='gallery-item'>\n\t\t\t<dt class='gallery-icon portrait'>\n\t\t\t\t<a href='https:\/\/ecole-privee-getigne.fr\/wp-content\/uploads\/2018\/11\/P1080751.jpg'><img loading=\"lazy\" decoding=\"async\" width=\"150\" height=\"150\" src=\"https:\/\/ecole-privee-getigne.fr\/wp-content\/uploads\/2018\/11\/P1080751-150x150.jpg\" class=\"attachment-thumbnail size-thumbnail\" alt=\"\" \/><\/a>\n\t\t\t<\/dt><\/dl><dl class='gallery-item'>\n\t\t\t<dt class='gallery-icon portrait'>\n\t\t\t\t<a href='https:\/\/ecole-privee-getigne.fr\/wp-content\/uploads\/2018\/11\/P1080748.jpg'><img loading=\"lazy\" decoding=\"async\" width=\"150\" height=\"150\" src=\"https:\/\/ecole-privee-getigne.fr\/wp-content\/uploads\/2018\/11\/P1080748-150x150.jpg\" class=\"attachment-thumbnail size-thumbnail\" alt=\"\" \/><\/a>\n\t\t\t<\/dt><\/dl><dl class='gallery-item'>\n\t\t\t<dt class='gallery-icon landscape'>\n\t\t\t\t<a href='https:\/\/ecole-privee-getigne.fr\/wp-content\/uploads\/2018\/11\/P1080745.jpg'><img loading=\"lazy\" decoding=\"async\" width=\"150\" height=\"150\" src=\"https:\/\/ecole-privee-getigne.fr\/wp-content\/uploads\/2018\/11\/P1080745-150x150.jpg\" class=\"attachment-thumbnail size-thumbnail\" alt=\"\" \/><\/a>\n\t\t\t<\/dt><\/dl><dl class='gallery-item'>\n\t\t\t<dt class='gallery-icon landscape'>\n\t\t\t\t<a href='https:\/\/ecole-privee-getigne.fr\/wp-content\/uploads\/2018\/11\/P1080741.jpg'><img loading=\"lazy\" decoding=\"async\" width=\"150\" height=\"150\" src=\"https:\/\/ecole-privee-getigne.fr\/wp-content\/uploads\/2018\/11\/P1080741-150x150.jpg\" class=\"attachment-thumbnail size-thumbnail\" alt=\"\" \/><\/a>\n\t\t\t<\/dt><\/dl><dl class='gallery-item'>\n\t\t\t<dt class='gallery-icon landscape'>\n\t\t\t\t<a href='https:\/\/ecole-privee-getigne.fr\/wp-content\/uploads\/2018\/11\/P1080735.jpg'><img loading=\"lazy\" decoding=\"async\" width=\"150\" height=\"150\" src=\"https:\/\/ecole-privee-getigne.fr\/wp-content\/uploads\/2018\/11\/P1080735-150x150.jpg\" class=\"attachment-thumbnail size-thumbnail\" alt=\"\" \/><\/a>\n\t\t\t<\/dt><\/dl><br style=\"clear: both\" \/>\n\t\t<\/div>\n\n<p style=\"text-align: center;\">Et vendredi, l&rsquo;indice \u00e9tait sonore &#8230; tout au long de la journ\u00e9e nous avons entendu la chanson \u00ab\u00a0On \u00e9crit sur les murs\u00a0\u00bb chant\u00e9e par les Kids United dans l&rsquo;id\u00e9e de susciter la curiosit\u00e9 en offrant \u00e0 voir une \u00e9cole accueillante.<\/p>\n<p>&nbsp;<\/p>\n<p style=\"text-align: center;\"><span style=\"color: #3366ff;\"><strong>Et voici donc notre projet r\u00e9v\u00e9l\u00e9 &#8230;<\/strong><\/span><\/p>\n<p>&nbsp;<\/p>\n<p><a href=\"https:\/\/ecole-privee-getigne.fr\/wp-content\/uploads\/2018\/11\/Flyer-x1.jpg\"><img loading=\"lazy\" decoding=\"async\" class=\" wp-image-1453 aligncenter\" src=\"https:\/\/ecole-privee-getigne.fr\/wp-content\/uploads\/2018\/11\/Flyer-x1-723x1024.jpg\" alt=\"\" width=\"527\" height=\"747\"><\/a><\/p>\n<hr>\n<h1 style=\"text-align: center;\"><span style=\"color: #800080;\"><strong>LES \u00c9CHECS A L&rsquo;ECOLE<\/strong><\/span><\/h1>\n<p class=\"xmsonormal\" style=\"background: white;\"><span style=\"font-size: 11.5pt; font-family: 'Segoe UI',sans-serif; color: #212121;\">L&rsquo;\u00e9cole primaire Notre Dame du Sacr\u00e9 C\u0153ur de G\u00e9tign\u00e9 poursuit son projet d&rsquo;initiation et de perfectionnement au jeu d&rsquo;\u00e9checs gr\u00e2ce \u00e0 la collaboration de Mr Sadok Boussefa du club d&rsquo;\u00e9checs g\u00e9tignois et \u00e0 l&rsquo;implication des enseignantes.<span class=\"apple-converted-space\">&nbsp;<\/span><\/span><\/p>\n<p>Depuis cette ann\u00e9e, l&rsquo;initiation commence d\u00e8s l&rsquo;\u00e2ge de 5 ans et se poursuit&nbsp; jusqu&rsquo;\u00e0 la derni\u00e8re ann\u00e9e de primaire.<\/p>\n<p>L&rsquo;\u00e9cole est devenue championne du d\u00e9partement&nbsp;&nbsp;le mercredi 16 d\u00e9cembre lors du tournoi scolaire d\u00e9partemental organis\u00e9 par la F\u00e9d\u00e9ration Fran\u00e7aise des Echecs \u00e0 G\u00e9tign\u00e9. Elle est donc qualifi\u00e9e pour le tournoi r\u00e9gional qui se d\u00e9roulera le 16 mars \u00e0 LA FLECHE.<\/p>\n<p class=\"xmsonormal\" style=\"background: white;\"><span style=\"font-size: 11.5pt; font-family: 'Segoe UI',sans-serif; color: #212121;\">Le projet se poursuit ensuite au coll\u00e8ge de l&rsquo;Immacul\u00e9e \u00e0 Clisson puisque des anciens \u00e9l\u00e8ves de Cm2 de l&rsquo;\u00e9cole Notre Dame ont continu\u00e9 \u00e0 s&rsquo;investir dans ce jeu de strat\u00e9gie et se sont aussi qualifi\u00e9s \u00e9galement pour les r\u00e9gionaux.<\/span><\/p>\n\n\t\t<style type=\"text\/css\">\n\t\t\t#gallery-5 {\n\t\t\t\tmargin: auto;\n\t\t\t}\n\t\t\t#gallery-5 .gallery-item {\n\t\t\t\tfloat: left;\n\t\t\t\tmargin-top: 10px;\n\t\t\t\ttext-align: center;\n\t\t\t\twidth: 33%;\n\t\t\t}\n\t\t\t#gallery-5 img {\n\t\t\t\tborder: 2px solid #cfcfcf;\n\t\t\t}\n\t\t\t#gallery-5 .gallery-caption {\n\t\t\t\tmargin-left: 0;\n\t\t\t}\n\t\t\t\/* see gallery_shortcode() in wp-includes\/media.php *\/\n\t\t<\/style>\n\t\t<div id='gallery-5' class='gallery galleryid-524 gallery-columns-3 gallery-size-thumbnail'><dl class='gallery-item'>\n\t\t\t<dt class='gallery-icon landscape'>\n\t\t\t\t<a href='https:\/\/ecole-privee-getigne.fr\/?attachment_id=752#main'><img loading=\"lazy\" decoding=\"async\" width=\"150\" height=\"150\" src=\"https:\/\/ecole-privee-getigne.fr\/wp-content\/uploads\/2015\/06\/DSCN0268-150x150.jpg\" class=\"attachment-thumbnail size-thumbnail\" alt=\"\" srcset=\"https:\/\/ecole-privee-getigne.fr\/wp-content\/uploads\/2015\/06\/DSCN0268-150x150.jpg 150w, https:\/\/ecole-privee-getigne.fr\/wp-content\/uploads\/2015\/06\/DSCN0268-960x960.jpg 960w, https:\/\/ecole-privee-getigne.fr\/wp-content\/uploads\/2015\/06\/DSCN0268-480x480.jpg 480w, https:\/\/ecole-privee-getigne.fr\/wp-content\/uploads\/2015\/06\/DSCN0268-320x320.jpg 320w, https:\/\/ecole-privee-getigne.fr\/wp-content\/uploads\/2015\/06\/DSCN0268-240x240.jpg 240w\" sizes=\"(max-width: 150px) 100vw, 150px\" \/><\/a>\n\t\t\t<\/dt><\/dl><dl class='gallery-item'>\n\t\t\t<dt class='gallery-icon landscape'>\n\t\t\t\t<a href='https:\/\/ecole-privee-getigne.fr\/?attachment_id=753#main'><img loading=\"lazy\" decoding=\"async\" width=\"150\" height=\"150\" src=\"https:\/\/ecole-privee-getigne.fr\/wp-content\/uploads\/2015\/06\/DSCN0296-pixel-150x150.jpg\" class=\"attachment-thumbnail size-thumbnail\" alt=\"\" srcset=\"https:\/\/ecole-privee-getigne.fr\/wp-content\/uploads\/2015\/06\/DSCN0296-pixel-150x150.jpg 150w, https:\/\/ecole-privee-getigne.fr\/wp-content\/uploads\/2015\/06\/DSCN0296-pixel-960x960.jpg 960w, https:\/\/ecole-privee-getigne.fr\/wp-content\/uploads\/2015\/06\/DSCN0296-pixel-480x480.jpg 480w, https:\/\/ecole-privee-getigne.fr\/wp-content\/uploads\/2015\/06\/DSCN0296-pixel-320x320.jpg 320w, https:\/\/ecole-privee-getigne.fr\/wp-content\/uploads\/2015\/06\/DSCN0296-pixel-240x240.jpg 240w\" sizes=\"(max-width: 150px) 100vw, 150px\" \/><\/a>\n\t\t\t<\/dt><\/dl><dl class='gallery-item'>\n\t\t\t<dt class='gallery-icon landscape'>\n\t\t\t\t<a href='https:\/\/ecole-privee-getigne.fr\/?attachment_id=754#main'><img loading=\"lazy\" decoding=\"async\" width=\"150\" height=\"150\" src=\"https:\/\/ecole-privee-getigne.fr\/wp-content\/uploads\/2015\/06\/DSCN0298-150x150.jpg\" class=\"attachment-thumbnail size-thumbnail\" alt=\"\" srcset=\"https:\/\/ecole-privee-getigne.fr\/wp-content\/uploads\/2015\/06\/DSCN0298-150x150.jpg 150w, https:\/\/ecole-privee-getigne.fr\/wp-content\/uploads\/2015\/06\/DSCN0298-960x960.jpg 960w, https:\/\/ecole-privee-getigne.fr\/wp-content\/uploads\/2015\/06\/DSCN0298-480x480.jpg 480w, https:\/\/ecole-privee-getigne.fr\/wp-content\/uploads\/2015\/06\/DSCN0298-320x320.jpg 320w, https:\/\/ecole-privee-getigne.fr\/wp-content\/uploads\/2015\/06\/DSCN0298-240x240.jpg 240w\" sizes=\"(max-width: 150px) 100vw, 150px\" \/><\/a>\n\t\t\t<\/dt><\/dl><br style=\"clear: both\" \/><dl class='gallery-item'>\n\t\t\t<dt class='gallery-icon landscape'>\n\t\t\t\t<a href='https:\/\/ecole-privee-getigne.fr\/?attachment_id=755#main'><img loading=\"lazy\" decoding=\"async\" width=\"150\" height=\"150\" src=\"https:\/\/ecole-privee-getigne.fr\/wp-content\/uploads\/2015\/06\/Echecs-pixel-150x150.jpg\" class=\"attachment-thumbnail size-thumbnail\" alt=\"\" srcset=\"https:\/\/ecole-privee-getigne.fr\/wp-content\/uploads\/2015\/06\/Echecs-pixel-150x150.jpg 150w, https:\/\/ecole-privee-getigne.fr\/wp-content\/uploads\/2015\/06\/Echecs-pixel-960x960.jpg 960w, https:\/\/ecole-privee-getigne.fr\/wp-content\/uploads\/2015\/06\/Echecs-pixel-480x480.jpg 480w, https:\/\/ecole-privee-getigne.fr\/wp-content\/uploads\/2015\/06\/Echecs-pixel-320x320.jpg 320w, https:\/\/ecole-privee-getigne.fr\/wp-content\/uploads\/2015\/06\/Echecs-pixel-240x240.jpg 240w\" sizes=\"(max-width: 150px) 100vw, 150px\" \/><\/a>\n\t\t\t<\/dt><\/dl>\n\t\t\t<br style='clear: both' \/>\n\t\t<\/div>\n\n<h1>&nbsp;<\/h1>\n<hr>\n<hr>\n<h1 style=\"text-align: center;\"><strong><span style=\"color: #993366;\">ANNEE 2016\/2017<\/span><\/strong><\/h1>\n<p style=\"text-align: center;\"><strong><span style=\"color: #ff00ff;\">\u00ab&nbsp;Apprendre \u00e0 se conna\u00eetre pour s\u2019ouvrir \u00e0 l\u2019autre&nbsp;au travers du jeu, du sport et des arts\u00bb.<\/span><\/strong><\/p>\n<p>Ce projet s\u2019inscrit dans un projet plus vaste qui nous emm\u00e8nera jusqu\u2019en 2017 et dont l\u2019objectif principal sera de s\u2019interroger sur les moyens \u00e0 mettre en \u0153uvre pour permettre \u00e0 tous les enfants d\u2019apprendre et de s\u2019\u00e9panouir en tenant compte des sp\u00e9cificit\u00e9s de chacun.<br \/>\n<a href=\"https:\/\/ecole-privee-getigne.fr\/wp-content\/uploads\/2015\/10\/IMG_20151006_082435.jpg\" rel=\"attachment wp-att-653\"><img loading=\"lazy\" decoding=\"async\" class=\"aligncenter wp-image-653 \" src=\"https:\/\/ecole-privee-getigne.fr\/wp-content\/uploads\/2015\/10\/IMG_20151006_082435-480x480.jpg\" alt=\"IMG_20151006_082435\" width=\"245\" height=\"245\" srcset=\"https:\/\/ecole-privee-getigne.fr\/wp-content\/uploads\/2015\/10\/IMG_20151006_082435-480x480.jpg 480w, https:\/\/ecole-privee-getigne.fr\/wp-content\/uploads\/2015\/10\/IMG_20151006_082435-150x150.jpg 150w, https:\/\/ecole-privee-getigne.fr\/wp-content\/uploads\/2015\/10\/IMG_20151006_082435-320x320.jpg 320w, https:\/\/ecole-privee-getigne.fr\/wp-content\/uploads\/2015\/10\/IMG_20151006_082435-240x240.jpg 240w\" sizes=\"(max-width: 245px) 100vw, 245px\" \/><\/a><\/p>\n<h3>&nbsp;<\/h3>\n<hr>\n<p style=\"text-align: center;\"><strong><span style=\"color: #00ccff;\">11 NOVEMBRE<\/span><\/strong><\/p>\n<p>Cette ann\u00e9e encore, les \u00e9l\u00e8ves du cycle 3 des 2 \u00e9coles de G\u00e9tign\u00e9 se sont retrouv\u00e9s pour comm\u00e9morer l&rsquo;armistice du 11 novembre 1918 qui marqua la fin des combats de la premi\u00e8re guerre mondiale. Apr\u00e8s la lev\u00e9e des couleurs devant la mairie, la c\u00e9r\u00e9monie s&rsquo;est poursuivie devant le monument aux morts : les \u00e9l\u00e8ves ont r\u00e9cit\u00e9 ensemble Le dormeur du Val d&rsquo;Arthur Rimbaud puis ils ont chant\u00e9 la Marseillaise.<\/p>\n\n\t\t<style type=\"text\/css\">\n\t\t\t#gallery-6 {\n\t\t\t\tmargin: auto;\n\t\t\t}\n\t\t\t#gallery-6 .gallery-item {\n\t\t\t\tfloat: left;\n\t\t\t\tmargin-top: 10px;\n\t\t\t\ttext-align: center;\n\t\t\t\twidth: 33%;\n\t\t\t}\n\t\t\t#gallery-6 img {\n\t\t\t\tborder: 2px solid #cfcfcf;\n\t\t\t}\n\t\t\t#gallery-6 .gallery-caption {\n\t\t\t\tmargin-left: 0;\n\t\t\t}\n\t\t\t\/* see gallery_shortcode() in wp-includes\/media.php *\/\n\t\t<\/style>\n\t\t<div id='gallery-6' class='gallery galleryid-524 gallery-columns-3 gallery-size-thumbnail'><dl class='gallery-item'>\n\t\t\t<dt class='gallery-icon landscape'>\n\t\t\t\t<a href='https:\/\/ecole-privee-getigne.fr\/?attachment_id=724#main'><img loading=\"lazy\" decoding=\"async\" width=\"150\" height=\"150\" src=\"https:\/\/ecole-privee-getigne.fr\/wp-content\/uploads\/2015\/06\/DSC_0505-150x150.jpg\" class=\"attachment-thumbnail size-thumbnail\" alt=\"\" srcset=\"https:\/\/ecole-privee-getigne.fr\/wp-content\/uploads\/2015\/06\/DSC_0505-150x150.jpg 150w, https:\/\/ecole-privee-getigne.fr\/wp-content\/uploads\/2015\/06\/DSC_0505-960x960.jpg 960w, https:\/\/ecole-privee-getigne.fr\/wp-content\/uploads\/2015\/06\/DSC_0505-480x480.jpg 480w, https:\/\/ecole-privee-getigne.fr\/wp-content\/uploads\/2015\/06\/DSC_0505-320x320.jpg 320w, https:\/\/ecole-privee-getigne.fr\/wp-content\/uploads\/2015\/06\/DSC_0505-240x240.jpg 240w\" sizes=\"(max-width: 150px) 100vw, 150px\" \/><\/a>\n\t\t\t<\/dt><\/dl><dl class='gallery-item'>\n\t\t\t<dt class='gallery-icon landscape'>\n\t\t\t\t<a href='https:\/\/ecole-privee-getigne.fr\/?attachment_id=725#main'><img loading=\"lazy\" decoding=\"async\" width=\"150\" height=\"150\" src=\"https:\/\/ecole-privee-getigne.fr\/wp-content\/uploads\/2015\/06\/DSC_0517-150x150.jpg\" class=\"attachment-thumbnail size-thumbnail\" alt=\"\" srcset=\"https:\/\/ecole-privee-getigne.fr\/wp-content\/uploads\/2015\/06\/DSC_0517-150x150.jpg 150w, https:\/\/ecole-privee-getigne.fr\/wp-content\/uploads\/2015\/06\/DSC_0517-960x960.jpg 960w, https:\/\/ecole-privee-getigne.fr\/wp-content\/uploads\/2015\/06\/DSC_0517-480x480.jpg 480w, https:\/\/ecole-privee-getigne.fr\/wp-content\/uploads\/2015\/06\/DSC_0517-320x320.jpg 320w, https:\/\/ecole-privee-getigne.fr\/wp-content\/uploads\/2015\/06\/DSC_0517-240x240.jpg 240w\" sizes=\"(max-width: 150px) 100vw, 150px\" \/><\/a>\n\t\t\t<\/dt><\/dl><dl class='gallery-item'>\n\t\t\t<dt class='gallery-icon landscape'>\n\t\t\t\t<a href='https:\/\/ecole-privee-getigne.fr\/?attachment_id=726#main'><img loading=\"lazy\" decoding=\"async\" width=\"150\" height=\"150\" src=\"https:\/\/ecole-privee-getigne.fr\/wp-content\/uploads\/2015\/06\/DSC_0519-150x150.jpg\" class=\"attachment-thumbnail size-thumbnail\" alt=\"\" srcset=\"https:\/\/ecole-privee-getigne.fr\/wp-content\/uploads\/2015\/06\/DSC_0519-150x150.jpg 150w, https:\/\/ecole-privee-getigne.fr\/wp-content\/uploads\/2015\/06\/DSC_0519-960x960.jpg 960w, https:\/\/ecole-privee-getigne.fr\/wp-content\/uploads\/2015\/06\/DSC_0519-480x480.jpg 480w, https:\/\/ecole-privee-getigne.fr\/wp-content\/uploads\/2015\/06\/DSC_0519-320x320.jpg 320w, https:\/\/ecole-privee-getigne.fr\/wp-content\/uploads\/2015\/06\/DSC_0519-240x240.jpg 240w\" sizes=\"(max-width: 150px) 100vw, 150px\" \/><\/a>\n\t\t\t<\/dt><\/dl><br style=\"clear: both\" \/><dl class='gallery-item'>\n\t\t\t<dt class='gallery-icon landscape'>\n\t\t\t\t<a href='https:\/\/ecole-privee-getigne.fr\/?attachment_id=727#main'><img loading=\"lazy\" decoding=\"async\" width=\"150\" height=\"150\" src=\"https:\/\/ecole-privee-getigne.fr\/wp-content\/uploads\/2015\/06\/DSC_0527-150x150.jpg\" class=\"attachment-thumbnail size-thumbnail\" alt=\"\" srcset=\"https:\/\/ecole-privee-getigne.fr\/wp-content\/uploads\/2015\/06\/DSC_0527-150x150.jpg 150w, https:\/\/ecole-privee-getigne.fr\/wp-content\/uploads\/2015\/06\/DSC_0527-960x960.jpg 960w, https:\/\/ecole-privee-getigne.fr\/wp-content\/uploads\/2015\/06\/DSC_0527-480x480.jpg 480w, https:\/\/ecole-privee-getigne.fr\/wp-content\/uploads\/2015\/06\/DSC_0527-320x320.jpg 320w, https:\/\/ecole-privee-getigne.fr\/wp-content\/uploads\/2015\/06\/DSC_0527-240x240.jpg 240w\" sizes=\"(max-width: 150px) 100vw, 150px\" \/><\/a>\n\t\t\t<\/dt><\/dl><dl class='gallery-item'>\n\t\t\t<dt class='gallery-icon landscape'>\n\t\t\t\t<a href='https:\/\/ecole-privee-getigne.fr\/?attachment_id=728#main'><img loading=\"lazy\" decoding=\"async\" width=\"150\" height=\"150\" src=\"https:\/\/ecole-privee-getigne.fr\/wp-content\/uploads\/2015\/06\/DSC_0528-150x150.jpg\" class=\"attachment-thumbnail size-thumbnail\" alt=\"\" srcset=\"https:\/\/ecole-privee-getigne.fr\/wp-content\/uploads\/2015\/06\/DSC_0528-150x150.jpg 150w, https:\/\/ecole-privee-getigne.fr\/wp-content\/uploads\/2015\/06\/DSC_0528-960x960.jpg 960w, https:\/\/ecole-privee-getigne.fr\/wp-content\/uploads\/2015\/06\/DSC_0528-480x480.jpg 480w, https:\/\/ecole-privee-getigne.fr\/wp-content\/uploads\/2015\/06\/DSC_0528-320x320.jpg 320w, https:\/\/ecole-privee-getigne.fr\/wp-content\/uploads\/2015\/06\/DSC_0528-240x240.jpg 240w\" sizes=\"(max-width: 150px) 100vw, 150px\" \/><\/a>\n\t\t\t<\/dt><\/dl><dl class='gallery-item'>\n\t\t\t<dt class='gallery-icon landscape'>\n\t\t\t\t<a href='https:\/\/ecole-privee-getigne.fr\/?attachment_id=729#main'><img loading=\"lazy\" decoding=\"async\" width=\"150\" height=\"150\" src=\"https:\/\/ecole-privee-getigne.fr\/wp-content\/uploads\/2015\/06\/DSC_0535-150x150.jpg\" class=\"attachment-thumbnail size-thumbnail\" alt=\"\" srcset=\"https:\/\/ecole-privee-getigne.fr\/wp-content\/uploads\/2015\/06\/DSC_0535-150x150.jpg 150w, https:\/\/ecole-privee-getigne.fr\/wp-content\/uploads\/2015\/06\/DSC_0535-960x960.jpg 960w, https:\/\/ecole-privee-getigne.fr\/wp-content\/uploads\/2015\/06\/DSC_0535-480x480.jpg 480w, https:\/\/ecole-privee-getigne.fr\/wp-content\/uploads\/2015\/06\/DSC_0535-320x320.jpg 320w, https:\/\/ecole-privee-getigne.fr\/wp-content\/uploads\/2015\/06\/DSC_0535-240x240.jpg 240w\" sizes=\"(max-width: 150px) 100vw, 150px\" \/><\/a>\n\t\t\t<\/dt><\/dl><br style=\"clear: both\" \/>\n\t\t<\/div>\n\n<hr>\n<h3 style=\"text-align: center;\"><span style=\"color: #00ccff;\">MATIN\u00c9E MULTI-\u00c2GES<\/span><\/h3>\n<p>Dans le cadre de notre projet d\u2019ann\u00e9e &nbsp;\u00ab&nbsp;<span style=\"color: #ff00ff;\"><strong>Apprendre \u00e0 se conna\u00eetre pour s\u2019ouvrir \u00e0 l\u2019autre&nbsp;au travers du jeu, du sport et des arts<\/strong><\/span>\u00bb, une matin\u00e9e multi-\u00e2ges \u00e9tait&nbsp;propos\u00e9e \u00e0 tous les enfants le samedi 28 novembre de 10h \u00e0 12h.<\/p>\n<p>L\u2019objectif de cette matin\u00e9e \u00e9tait d\u2019avancer dans la mise en \u0153uvre du projet p\u00e9dagogique par des pratiques autour de l\u2019art et du jeu afin de favoriser le d\u00e9veloppement de toutes les intelligences<\/p>\n\n\t\t<style type=\"text\/css\">\n\t\t\t#gallery-7 {\n\t\t\t\tmargin: auto;\n\t\t\t}\n\t\t\t#gallery-7 .gallery-item {\n\t\t\t\tfloat: left;\n\t\t\t\tmargin-top: 10px;\n\t\t\t\ttext-align: center;\n\t\t\t\twidth: 33%;\n\t\t\t}\n\t\t\t#gallery-7 img {\n\t\t\t\tborder: 2px solid #cfcfcf;\n\t\t\t}\n\t\t\t#gallery-7 .gallery-caption {\n\t\t\t\tmargin-left: 0;\n\t\t\t}\n\t\t\t\/* see gallery_shortcode() in wp-includes\/media.php *\/\n\t\t<\/style>\n\t\t<div id='gallery-7' class='gallery galleryid-524 gallery-columns-3 gallery-size-thumbnail'><dl class='gallery-item'>\n\t\t\t<dt class='gallery-icon landscape'>\n\t\t\t\t<a href='https:\/\/ecole-privee-getigne.fr\/?attachment_id=731#main'><img loading=\"lazy\" decoding=\"async\" width=\"150\" height=\"150\" src=\"https:\/\/ecole-privee-getigne.fr\/wp-content\/uploads\/2015\/06\/PB281100-150x150.jpg\" class=\"attachment-thumbnail size-thumbnail\" alt=\"\" srcset=\"https:\/\/ecole-privee-getigne.fr\/wp-content\/uploads\/2015\/06\/PB281100-150x150.jpg 150w, https:\/\/ecole-privee-getigne.fr\/wp-content\/uploads\/2015\/06\/PB281100-960x960.jpg 960w, https:\/\/ecole-privee-getigne.fr\/wp-content\/uploads\/2015\/06\/PB281100-480x480.jpg 480w, https:\/\/ecole-privee-getigne.fr\/wp-content\/uploads\/2015\/06\/PB281100-320x320.jpg 320w, https:\/\/ecole-privee-getigne.fr\/wp-content\/uploads\/2015\/06\/PB281100-240x240.jpg 240w\" sizes=\"(max-width: 150px) 100vw, 150px\" \/><\/a>\n\t\t\t<\/dt><\/dl><dl class='gallery-item'>\n\t\t\t<dt class='gallery-icon landscape'>\n\t\t\t\t<a href='https:\/\/ecole-privee-getigne.fr\/?attachment_id=732#main'><img loading=\"lazy\" decoding=\"async\" width=\"150\" height=\"150\" src=\"https:\/\/ecole-privee-getigne.fr\/wp-content\/uploads\/2015\/06\/PB281101-150x150.jpg\" class=\"attachment-thumbnail size-thumbnail\" alt=\"\" srcset=\"https:\/\/ecole-privee-getigne.fr\/wp-content\/uploads\/2015\/06\/PB281101-150x150.jpg 150w, https:\/\/ecole-privee-getigne.fr\/wp-content\/uploads\/2015\/06\/PB281101-960x960.jpg 960w, https:\/\/ecole-privee-getigne.fr\/wp-content\/uploads\/2015\/06\/PB281101-480x480.jpg 480w, https:\/\/ecole-privee-getigne.fr\/wp-content\/uploads\/2015\/06\/PB281101-320x320.jpg 320w, https:\/\/ecole-privee-getigne.fr\/wp-content\/uploads\/2015\/06\/PB281101-240x240.jpg 240w\" sizes=\"(max-width: 150px) 100vw, 150px\" \/><\/a>\n\t\t\t<\/dt><\/dl><dl class='gallery-item'>\n\t\t\t<dt class='gallery-icon landscape'>\n\t\t\t\t<a href='https:\/\/ecole-privee-getigne.fr\/?attachment_id=733#main'><img loading=\"lazy\" decoding=\"async\" width=\"150\" height=\"150\" src=\"https:\/\/ecole-privee-getigne.fr\/wp-content\/uploads\/2015\/06\/PB281104-150x150.jpg\" class=\"attachment-thumbnail size-thumbnail\" alt=\"\" srcset=\"https:\/\/ecole-privee-getigne.fr\/wp-content\/uploads\/2015\/06\/PB281104-150x150.jpg 150w, https:\/\/ecole-privee-getigne.fr\/wp-content\/uploads\/2015\/06\/PB281104-960x960.jpg 960w, https:\/\/ecole-privee-getigne.fr\/wp-content\/uploads\/2015\/06\/PB281104-480x480.jpg 480w, https:\/\/ecole-privee-getigne.fr\/wp-content\/uploads\/2015\/06\/PB281104-320x320.jpg 320w, https:\/\/ecole-privee-getigne.fr\/wp-content\/uploads\/2015\/06\/PB281104-240x240.jpg 240w\" sizes=\"(max-width: 150px) 100vw, 150px\" \/><\/a>\n\t\t\t<\/dt><\/dl><br style=\"clear: both\" \/><dl class='gallery-item'>\n\t\t\t<dt class='gallery-icon landscape'>\n\t\t\t\t<a href='https:\/\/ecole-privee-getigne.fr\/?attachment_id=734#main'><img loading=\"lazy\" decoding=\"async\" width=\"150\" height=\"150\" src=\"https:\/\/ecole-privee-getigne.fr\/wp-content\/uploads\/2015\/06\/PB281107-150x150.jpg\" class=\"attachment-thumbnail size-thumbnail\" alt=\"\" srcset=\"https:\/\/ecole-privee-getigne.fr\/wp-content\/uploads\/2015\/06\/PB281107-150x150.jpg 150w, https:\/\/ecole-privee-getigne.fr\/wp-content\/uploads\/2015\/06\/PB281107-960x960.jpg 960w, https:\/\/ecole-privee-getigne.fr\/wp-content\/uploads\/2015\/06\/PB281107-480x480.jpg 480w, https:\/\/ecole-privee-getigne.fr\/wp-content\/uploads\/2015\/06\/PB281107-320x320.jpg 320w, https:\/\/ecole-privee-getigne.fr\/wp-content\/uploads\/2015\/06\/PB281107-240x240.jpg 240w\" sizes=\"(max-width: 150px) 100vw, 150px\" \/><\/a>\n\t\t\t<\/dt><\/dl><dl class='gallery-item'>\n\t\t\t<dt class='gallery-icon landscape'>\n\t\t\t\t<a href='https:\/\/ecole-privee-getigne.fr\/?attachment_id=735#main'><img loading=\"lazy\" decoding=\"async\" width=\"150\" height=\"150\" src=\"https:\/\/ecole-privee-getigne.fr\/wp-content\/uploads\/2015\/06\/PB281108-150x150.jpg\" class=\"attachment-thumbnail size-thumbnail\" alt=\"\" srcset=\"https:\/\/ecole-privee-getigne.fr\/wp-content\/uploads\/2015\/06\/PB281108-150x150.jpg 150w, https:\/\/ecole-privee-getigne.fr\/wp-content\/uploads\/2015\/06\/PB281108-960x960.jpg 960w, https:\/\/ecole-privee-getigne.fr\/wp-content\/uploads\/2015\/06\/PB281108-480x480.jpg 480w, https:\/\/ecole-privee-getigne.fr\/wp-content\/uploads\/2015\/06\/PB281108-320x320.jpg 320w, https:\/\/ecole-privee-getigne.fr\/wp-content\/uploads\/2015\/06\/PB281108-240x240.jpg 240w\" sizes=\"(max-width: 150px) 100vw, 150px\" \/><\/a>\n\t\t\t<\/dt><\/dl><dl class='gallery-item'>\n\t\t\t<dt class='gallery-icon landscape'>\n\t\t\t\t<a href='https:\/\/ecole-privee-getigne.fr\/?attachment_id=736#main'><img loading=\"lazy\" decoding=\"async\" width=\"150\" height=\"150\" src=\"https:\/\/ecole-privee-getigne.fr\/wp-content\/uploads\/2015\/06\/PB281109-150x150.jpg\" class=\"attachment-thumbnail size-thumbnail\" alt=\"\" srcset=\"https:\/\/ecole-privee-getigne.fr\/wp-content\/uploads\/2015\/06\/PB281109-150x150.jpg 150w, https:\/\/ecole-privee-getigne.fr\/wp-content\/uploads\/2015\/06\/PB281109-960x960.jpg 960w, https:\/\/ecole-privee-getigne.fr\/wp-content\/uploads\/2015\/06\/PB281109-480x480.jpg 480w, https:\/\/ecole-privee-getigne.fr\/wp-content\/uploads\/2015\/06\/PB281109-320x320.jpg 320w, https:\/\/ecole-privee-getigne.fr\/wp-content\/uploads\/2015\/06\/PB281109-240x240.jpg 240w\" sizes=\"(max-width: 150px) 100vw, 150px\" \/><\/a>\n\t\t\t<\/dt><\/dl><br style=\"clear: both\" \/><dl class='gallery-item'>\n\t\t\t<dt class='gallery-icon landscape'>\n\t\t\t\t<a href='https:\/\/ecole-privee-getigne.fr\/?attachment_id=738#main'><img loading=\"lazy\" decoding=\"async\" width=\"150\" height=\"150\" src=\"https:\/\/ecole-privee-getigne.fr\/wp-content\/uploads\/2015\/06\/PB281115-150x150.jpg\" class=\"attachment-thumbnail size-thumbnail\" alt=\"\" srcset=\"https:\/\/ecole-privee-getigne.fr\/wp-content\/uploads\/2015\/06\/PB281115-150x150.jpg 150w, https:\/\/ecole-privee-getigne.fr\/wp-content\/uploads\/2015\/06\/PB281115-960x960.jpg 960w, https:\/\/ecole-privee-getigne.fr\/wp-content\/uploads\/2015\/06\/PB281115-480x480.jpg 480w, https:\/\/ecole-privee-getigne.fr\/wp-content\/uploads\/2015\/06\/PB281115-320x320.jpg 320w, https:\/\/ecole-privee-getigne.fr\/wp-content\/uploads\/2015\/06\/PB281115-240x240.jpg 240w\" sizes=\"(max-width: 150px) 100vw, 150px\" \/><\/a>\n\t\t\t<\/dt><\/dl><dl class='gallery-item'>\n\t\t\t<dt class='gallery-icon landscape'>\n\t\t\t\t<a href='https:\/\/ecole-privee-getigne.fr\/?attachment_id=739#main'><img loading=\"lazy\" decoding=\"async\" width=\"150\" height=\"150\" src=\"https:\/\/ecole-privee-getigne.fr\/wp-content\/uploads\/2015\/06\/PB281122-150x150.jpg\" class=\"attachment-thumbnail size-thumbnail\" alt=\"\" srcset=\"https:\/\/ecole-privee-getigne.fr\/wp-content\/uploads\/2015\/06\/PB281122-150x150.jpg 150w, https:\/\/ecole-privee-getigne.fr\/wp-content\/uploads\/2015\/06\/PB281122-960x960.jpg 960w, https:\/\/ecole-privee-getigne.fr\/wp-content\/uploads\/2015\/06\/PB281122-480x480.jpg 480w, https:\/\/ecole-privee-getigne.fr\/wp-content\/uploads\/2015\/06\/PB281122-320x320.jpg 320w, https:\/\/ecole-privee-getigne.fr\/wp-content\/uploads\/2015\/06\/PB281122-240x240.jpg 240w\" sizes=\"(max-width: 150px) 100vw, 150px\" \/><\/a>\n\t\t\t<\/dt><\/dl><dl class='gallery-item'>\n\t\t\t<dt class='gallery-icon landscape'>\n\t\t\t\t<a href='https:\/\/ecole-privee-getigne.fr\/?attachment_id=743#main'><img loading=\"lazy\" decoding=\"async\" width=\"150\" height=\"150\" src=\"https:\/\/ecole-privee-getigne.fr\/wp-content\/uploads\/2015\/06\/PB281141-150x150.jpg\" class=\"attachment-thumbnail size-thumbnail\" alt=\"\" srcset=\"https:\/\/ecole-privee-getigne.fr\/wp-content\/uploads\/2015\/06\/PB281141-150x150.jpg 150w, https:\/\/ecole-privee-getigne.fr\/wp-content\/uploads\/2015\/06\/PB281141-960x960.jpg 960w, https:\/\/ecole-privee-getigne.fr\/wp-content\/uploads\/2015\/06\/PB281141-480x480.jpg 480w, https:\/\/ecole-privee-getigne.fr\/wp-content\/uploads\/2015\/06\/PB281141-320x320.jpg 320w, https:\/\/ecole-privee-getigne.fr\/wp-content\/uploads\/2015\/06\/PB281141-240x240.jpg 240w\" sizes=\"(max-width: 150px) 100vw, 150px\" \/><\/a>\n\t\t\t<\/dt><\/dl><br style=\"clear: both\" \/><dl class='gallery-item'>\n\t\t\t<dt class='gallery-icon landscape'>\n\t\t\t\t<a href='https:\/\/ecole-privee-getigne.fr\/?attachment_id=744#main'><img loading=\"lazy\" decoding=\"async\" width=\"150\" height=\"150\" src=\"https:\/\/ecole-privee-getigne.fr\/wp-content\/uploads\/2015\/06\/PB281147-150x150.jpg\" class=\"attachment-thumbnail size-thumbnail\" alt=\"\" srcset=\"https:\/\/ecole-privee-getigne.fr\/wp-content\/uploads\/2015\/06\/PB281147-150x150.jpg 150w, https:\/\/ecole-privee-getigne.fr\/wp-content\/uploads\/2015\/06\/PB281147-960x960.jpg 960w, https:\/\/ecole-privee-getigne.fr\/wp-content\/uploads\/2015\/06\/PB281147-480x480.jpg 480w, https:\/\/ecole-privee-getigne.fr\/wp-content\/uploads\/2015\/06\/PB281147-320x320.jpg 320w, https:\/\/ecole-privee-getigne.fr\/wp-content\/uploads\/2015\/06\/PB281147-240x240.jpg 240w\" sizes=\"(max-width: 150px) 100vw, 150px\" \/><\/a>\n\t\t\t<\/dt><\/dl><dl class='gallery-item'>\n\t\t\t<dt class='gallery-icon landscape'>\n\t\t\t\t<a href='https:\/\/ecole-privee-getigne.fr\/?attachment_id=745#main'><img loading=\"lazy\" decoding=\"async\" width=\"150\" height=\"150\" src=\"https:\/\/ecole-privee-getigne.fr\/wp-content\/uploads\/2015\/06\/PB281157-150x150.jpg\" class=\"attachment-thumbnail size-thumbnail\" alt=\"\" srcset=\"https:\/\/ecole-privee-getigne.fr\/wp-content\/uploads\/2015\/06\/PB281157-150x150.jpg 150w, https:\/\/ecole-privee-getigne.fr\/wp-content\/uploads\/2015\/06\/PB281157-960x960.jpg 960w, https:\/\/ecole-privee-getigne.fr\/wp-content\/uploads\/2015\/06\/PB281157-480x480.jpg 480w, https:\/\/ecole-privee-getigne.fr\/wp-content\/uploads\/2015\/06\/PB281157-320x320.jpg 320w, https:\/\/ecole-privee-getigne.fr\/wp-content\/uploads\/2015\/06\/PB281157-240x240.jpg 240w\" sizes=\"(max-width: 150px) 100vw, 150px\" \/><\/a>\n\t\t\t<\/dt><\/dl><dl class='gallery-item'>\n\t\t\t<dt class='gallery-icon landscape'>\n\t\t\t\t<a href='https:\/\/ecole-privee-getigne.fr\/?attachment_id=746#main'><img loading=\"lazy\" decoding=\"async\" width=\"150\" height=\"150\" src=\"https:\/\/ecole-privee-getigne.fr\/wp-content\/uploads\/2015\/06\/PB281167-150x150.jpg\" class=\"attachment-thumbnail size-thumbnail\" alt=\"\" srcset=\"https:\/\/ecole-privee-getigne.fr\/wp-content\/uploads\/2015\/06\/PB281167-150x150.jpg 150w, https:\/\/ecole-privee-getigne.fr\/wp-content\/uploads\/2015\/06\/PB281167-960x960.jpg 960w, https:\/\/ecole-privee-getigne.fr\/wp-content\/uploads\/2015\/06\/PB281167-480x480.jpg 480w, https:\/\/ecole-privee-getigne.fr\/wp-content\/uploads\/2015\/06\/PB281167-320x320.jpg 320w, https:\/\/ecole-privee-getigne.fr\/wp-content\/uploads\/2015\/06\/PB281167-240x240.jpg 240w\" sizes=\"(max-width: 150px) 100vw, 150px\" \/><\/a>\n\t\t\t<\/dt><\/dl><br style=\"clear: both\" \/><dl class='gallery-item'>\n\t\t\t<dt class='gallery-icon landscape'>\n\t\t\t\t<a href='https:\/\/ecole-privee-getigne.fr\/?attachment_id=750'><img loading=\"lazy\" decoding=\"async\" width=\"150\" height=\"150\" src=\"https:\/\/ecole-privee-getigne.fr\/wp-content\/uploads\/2016\/02\/PB281134-150x150.jpg\" class=\"attachment-thumbnail size-thumbnail\" alt=\"\" srcset=\"https:\/\/ecole-privee-getigne.fr\/wp-content\/uploads\/2016\/02\/PB281134-150x150.jpg 150w, https:\/\/ecole-privee-getigne.fr\/wp-content\/uploads\/2016\/02\/PB281134-960x960.jpg 960w, https:\/\/ecole-privee-getigne.fr\/wp-content\/uploads\/2016\/02\/PB281134-480x480.jpg 480w, https:\/\/ecole-privee-getigne.fr\/wp-content\/uploads\/2016\/02\/PB281134-320x320.jpg 320w, https:\/\/ecole-privee-getigne.fr\/wp-content\/uploads\/2016\/02\/PB281134-240x240.jpg 240w\" sizes=\"(max-width: 150px) 100vw, 150px\" \/><\/a>\n\t\t\t<\/dt><\/dl><dl class='gallery-item'>\n\t\t\t<dt class='gallery-icon landscape'>\n\t\t\t\t<a href='https:\/\/ecole-privee-getigne.fr\/?attachment_id=749'><img loading=\"lazy\" decoding=\"async\" width=\"150\" height=\"150\" src=\"https:\/\/ecole-privee-getigne.fr\/wp-content\/uploads\/2016\/02\/PB281132-pixel-150x150.jpg\" class=\"attachment-thumbnail size-thumbnail\" alt=\"\" srcset=\"https:\/\/ecole-privee-getigne.fr\/wp-content\/uploads\/2016\/02\/PB281132-pixel-150x150.jpg 150w, https:\/\/ecole-privee-getigne.fr\/wp-content\/uploads\/2016\/02\/PB281132-pixel-960x960.jpg 960w, https:\/\/ecole-privee-getigne.fr\/wp-content\/uploads\/2016\/02\/PB281132-pixel-480x480.jpg 480w, https:\/\/ecole-privee-getigne.fr\/wp-content\/uploads\/2016\/02\/PB281132-pixel-320x320.jpg 320w, https:\/\/ecole-privee-getigne.fr\/wp-content\/uploads\/2016\/02\/PB281132-pixel-240x240.jpg 240w\" sizes=\"(max-width: 150px) 100vw, 150px\" \/><\/a>\n\t\t\t<\/dt><\/dl><dl class='gallery-item'>\n\t\t\t<dt class='gallery-icon landscape'>\n\t\t\t\t<a href='https:\/\/ecole-privee-getigne.fr\/?attachment_id=748'><img loading=\"lazy\" decoding=\"async\" width=\"150\" height=\"150\" src=\"https:\/\/ecole-privee-getigne.fr\/wp-content\/uploads\/2016\/02\/PB281112-150x150.jpg\" class=\"attachment-thumbnail size-thumbnail\" alt=\"\" srcset=\"https:\/\/ecole-privee-getigne.fr\/wp-content\/uploads\/2016\/02\/PB281112-150x150.jpg 150w, https:\/\/ecole-privee-getigne.fr\/wp-content\/uploads\/2016\/02\/PB281112-960x960.jpg 960w, https:\/\/ecole-privee-getigne.fr\/wp-content\/uploads\/2016\/02\/PB281112-480x480.jpg 480w, https:\/\/ecole-privee-getigne.fr\/wp-content\/uploads\/2016\/02\/PB281112-320x320.jpg 320w, https:\/\/ecole-privee-getigne.fr\/wp-content\/uploads\/2016\/02\/PB281112-240x240.jpg 240w\" sizes=\"(max-width: 150px) 100vw, 150px\" \/><\/a>\n\t\t\t<\/dt><\/dl><br style=\"clear: both\" \/>\n\t\t<\/div>\n\n<hr>\n<h3 style=\"text-align: center;\"><span style=\"color: #00ccff;\">TELETHON<\/span><\/h3>\n<p>Toute l&rsquo;\u00e9cole a particip\u00e9 au T\u00e9l\u00e9thon cette ann\u00e9e.<br \/>\nLes enfants devaient trouver des parrains pour parier sur le nombre de paniers de basket qu&rsquo;ils pouvaient marquer en 1 minute.<br \/>\nNous avons r\u00e9colt\u00e9 1219 euros !<\/p>\n<p><a href=\"https:\/\/ecole-privee-getigne.fr\/wp-content\/uploads\/2015\/12\/www.kizoa_.com_collage_2015-12-04_12-37-34.jpg\" rel=\"attachment wp-att-705\"><img loading=\"lazy\" decoding=\"async\" class=\" wp-image-705 aligncenter\" src=\"https:\/\/ecole-privee-getigne.fr\/wp-content\/uploads\/2015\/12\/www.kizoa_.com_collage_2015-12-04_12-37-34.jpg\" alt=\"www.kizoa.com_collage_2015-12-04_12-37-34\" width=\"525\" height=\"394\" srcset=\"https:\/\/ecole-privee-getigne.fr\/wp-content\/uploads\/2015\/12\/www.kizoa_.com_collage_2015-12-04_12-37-34.jpg 1440w, https:\/\/ecole-privee-getigne.fr\/wp-content\/uploads\/2015\/12\/www.kizoa_.com_collage_2015-12-04_12-37-34-300x225.jpg 300w, https:\/\/ecole-privee-getigne.fr\/wp-content\/uploads\/2015\/12\/www.kizoa_.com_collage_2015-12-04_12-37-34-768x576.jpg 768w, https:\/\/ecole-privee-getigne.fr\/wp-content\/uploads\/2015\/12\/www.kizoa_.com_collage_2015-12-04_12-37-34-1024x768.jpg 1024w, https:\/\/ecole-privee-getigne.fr\/wp-content\/uploads\/2015\/12\/www.kizoa_.com_collage_2015-12-04_12-37-34-960x720.jpg 960w, https:\/\/ecole-privee-getigne.fr\/wp-content\/uploads\/2015\/12\/www.kizoa_.com_collage_2015-12-04_12-37-34-480x360.jpg 480w, https:\/\/ecole-privee-getigne.fr\/wp-content\/uploads\/2015\/12\/www.kizoa_.com_collage_2015-12-04_12-37-34-320x240.jpg 320w, https:\/\/ecole-privee-getigne.fr\/wp-content\/uploads\/2015\/12\/www.kizoa_.com_collage_2015-12-04_12-37-34-240x180.jpg 240w\" sizes=\"(max-width: 525px) 100vw, 525px\" \/><\/a><\/p>\n<p>&nbsp;<\/p>\n<hr>\n<h3 style=\"text-align: center;\"><span style=\"color: #00ccff;\">No\u00ebl \u00e0 la maison de retraite<\/span><\/h3>\n<p>Jeudi 17 et vendredi 18 d\u00e9cembre, les enfants sont all\u00e9s chanter \u00e0 la maison de retraite afin que No\u00ebl soit vraiment la f\u00eate du partage.<br \/>\nTout le monde a vraiment appr\u00e9ci\u00e9 ce moment de convivialit\u00e9.<\/p>\n<p><a href=\"https:\/\/ecole-privee-getigne.fr\/wp-content\/uploads\/2015\/12\/IMG_20151218_150211.jpg\" rel=\"attachment wp-att-706\"><img loading=\"lazy\" decoding=\"async\" class=\" wp-image-706 aligncenter\" src=\"https:\/\/ecole-privee-getigne.fr\/wp-content\/uploads\/2015\/12\/IMG_20151218_150211.jpg\" alt=\"IMG_20151218_150211\" width=\"562\" height=\"422\"><\/a><\/p>\n<p>&nbsp;<\/p>\n<p class=\"xmsonormal\" style=\"background: white;\">&nbsp;<\/p>\n","protected":false},"excerpt":{"rendered":"<p>Ann\u00e9e 2022\/2023 Ann\u00e9e 2021-2022 Projet p\u00e9dagogique de l&rsquo;ann\u00e9e: observer, partager, prot\u00e9ger riment avec biodiversit\u00e9. Deuxi\u00e8me ann\u00e9e de labellisation qui couronne le projet p\u00e9dagogique de l&rsquo;\u00e9cole sur la biodiversit\u00e9. Parrainage entre les Moyennes sections et Cm1-Cm2: reconnexion \u00e0 la nature et land art au Vallon ANN\u00c9E 2020\/2021 Tous ensemble, tous \u00e9gaux vers&nbsp; un monde solidaire au<\/p>\n<p><a href=\"https:\/\/ecole-privee-getigne.fr\/?page_id=524\" class=\"more-link themebutton\">Lire la suite<\/a><\/p>\n","protected":false},"author":2,"featured_media":0,"parent":0,"menu_order":0,"comment_status":"closed","ping_status":"closed","template":"","meta":{"ngg_post_thumbnail":0,"footnotes":""},"_links":{"self":[{"href":"https:\/\/ecole-privee-getigne.fr\/index.php?rest_route=\/wp\/v2\/pages\/524"}],"collection":[{"href":"https:\/\/ecole-privee-getigne.fr\/index.php?rest_route=\/wp\/v2\/pages"}],"about":[{"href":"https:\/\/ecole-privee-getigne.fr\/index.php?rest_route=\/wp\/v2\/types\/page"}],"author":[{"embeddable":true,"href":"https:\/\/ecole-privee-getigne.fr\/index.php?rest_route=\/wp\/v2\/users\/2"}],"replies":[{"embeddable":true,"href":"https:\/\/ecole-privee-getigne.fr\/index.php?rest_route=%2Fwp%2Fv2%2Fcomments&post=524"}],"version-history":[{"count":15,"href":"https:\/\/ecole-privee-getigne.fr\/index.php?rest_route=\/wp\/v2\/pages\/524\/revisions"}],"predecessor-version":[{"id":2969,"href":"https:\/\/ecole-privee-getigne.fr\/index.php?rest_route=\/wp\/v2\/pages\/524\/revisions\/2969"}],"wp:attachment":[{"href":"https:\/\/ecole-privee-getigne.fr\/index.php?rest_route=%2Fwp%2Fv2%2Fmedia&parent=524"}],"curies":[{"name":"wp","href":"https:\/\/api.w.org\/{rel}","templated":true}]}}